{"id":65566,"date":"2024-07-15T17:21:03","date_gmt":"2024-07-15T17:21:03","guid":{"rendered":"https:\/\/actec-ong.org\/?post_type=modal&#038;p=65566"},"modified":"2024-07-29T14:53:51","modified_gmt":"2024-07-29T14:53:51","slug":"formation-entrepreneuriale-rwanda","status":"publish","type":"ra23","link":"https:\/\/actec-ong.org\/es\/rapport-annuel-2023\/formation-entrepreneuriale-rwanda\/","title":{"rendered":"Formation"},"content":{"rendered":"<div class=\"wpb-content-wrapper\"><p>[vc_row full_height=&#8221;yes&#8221; columns_placement=&#8221;stretch&#8221; equal_height=&#8221;yes&#8221; css=&#8221;.vc_custom_1720720345729{padding-top: 6rem !important;padding-bottom: 6rem !important;}&#8221;][vc_column][vc_raw_html css=&#8221;&#8221; el_id=&#8221;close-button&#8221;]JTNDc3BhbiUyMGNsYXNzJTNEJTIybWF0ZXJpYWwtc3ltYm9scy1vdXRsaW5lZCUyMiUzRWNsb3NlJTNDJTJGc3BhbiUzRQ==[\/vc_raw_html][vc_single_image source=&#8221;featured_image&#8221; img_size=&#8221;full&#8221; css=&#8221;&#8221; el_class=&#8221;img-main&#8221;][\/vc_column][vc_column width=&#8221;1\/3&#8243;]<div class=\"aio-icon-component  vc_custom_1721064839402  axe style_1\"><div id=\"Info-box-wrap-8396\" class=\"aio-icon-box left-icon\" style=\"\"  ><div class=\"aio-icon-left\"><div class=\"ult-just-icon-wrapper  \"><div class=\"align-icon\" style=\"text-align:center;\">\n<div class=\"aio-icon none \"  style=\"color:#948eb4;font-size:80px;display:inline-block;\">\n\t<i class=\"Defaults-circle\"><\/i>\n<\/div><\/div><\/div><\/div><div class=\"aio-ibd-block\"><div class=\"aio-icon-header\" ><h2 class=\"aio-icon-title ult-responsive\"  data-ultimate-target='#Info-box-wrap-8396 .aio-icon-title'  data-responsive-json-new='{\"font-size\":\"\",\"line-height\":\"\"}'  style=\"\">Formation Entrepreneuriale<\/h2><\/div> <!-- header --><div class=\"aio-icon-description ult-responsive\"  data-ultimate-target='#Info-box-wrap-8396 .aio-icon-description'  data-responsive-json-new='{\"font-size\":\"\",\"line-height\":\"\"}'  style=\"\">Formation des Formateurs<\/div> <!-- description --><\/div> <!-- aio-ibd-block --><\/div> <!-- aio-icon-box --><\/div> <!-- aio-icon-component -->[vc_column_text css=&#8221;&#8221; el_class=&#8221;related-title&#8221;]<\/p>\n<h3>Nouvelles associ\u00e9es<\/h3>\n<p>[\/vc_column_text][vc_column_text css=&#8221;&#8221; el_class=&#8221;related-news&#8221;]Kenya<\/p>\n<p><a href=\"\/rapport-annuel-2023\/consolider-un-debut-prometteur\/\">2023 : Consolider un d\u00e9but prometteur<\/a>[\/vc_column_text][vc_raw_html css=&#8221;&#8221; el_id=&#8221;return&#8221;]JTNDYSUyMGNsYXNzJTNEJTIycmV0dXJuLWJ1dHRvbiUyMiUyMGhyZWYlM0QlMjIlMkZyYXBwb3J0LWFubnVlbC0yMDIzJTJGJTIyJTNFJTNDc3BhbiUyMGNsYXNzJTNEJTIybWF0ZXJpYWwtc3ltYm9scy1vdXRsaW5lZCUyMiUzRWFycm93X2JhY2tfaW9zJTNDJTJGc3BhbiUzRSUyMFJldG91ciUyMGF1JTIwUmFwcG9ydCUyMEFubnVlbCUyMDIwMjMlM0MlMkZhJTNF[\/vc_raw_html][\/vc_column][vc_column width=&#8221;1\/12&#8243;][\/vc_column][vc_column width=&#8221;7\/12&#8243;][vc_column_text css=&#8221;&#8221; el_class=&#8221;news-title&#8221;]<\/p>\n<h1>Formation<\/h1>\n<p class=\"pays\">Rwanda<\/p>\n<p>[\/vc_column_text][vc_column_text css=&#8221;&#8221;]Au Rwanda, la formation des formateurs reste au coeur de nos projets pour am\u00e9liorer la qualit\u00e9 de l\u2019enseignement technique. En collaboration avec l\u2019association belge AlterVoie, 33 enseignants et membres de la direction ont \u00e9t\u00e9 form\u00e9s \u00e0 la p\u00e9dagogie entrepreneuriale. ACTEC a accueilli \u00e0 cette formation ses trois partenaires Rwandais : la Maison Shalom, Don Bosco Muhazi, l\u2019\u00e9cole Saint- Mary Dominic Mazarello, ainsi que plusieurs autres ONG externes.[\/vc_column_text][vc_single_image image=&#8221;65497&#8243; img_size=&#8221;full&#8221; css=&#8221;&#8221; el_class=&#8221;img-news&#8221;][vc_column_text css=&#8221;&#8221;]L\u2019approche holistique qui est enseign\u00e9e par AlterVoie encourage les enseignants \u00e0 adopter des attitudes et des outils qui permettent de r\u00e9v\u00e9ler les capacit\u00e9s des \u00e9l\u00e8ves \u00e0 entreprendre et \u00e0 innover. Les formations d\u00e9veloppent les comp\u00e9tences entrepreneuriales des participants, pour qu\u2019ils puissent cr\u00e9er des projets entrepreneuriaux au sein de leurs \u00e9tablissements. Cela comprend la r\u00e9flexion sur des sources g\u00e9n\u00e9ratrices de revenus, la mise en place d\u2019initiatives sp\u00e9cifiques en entrepreneuriat, la cr\u00e9ation de mini-entreprises pour les \u00e9l\u00e8ves, etc.<\/p>\n<p>Ces initiatives visent \u00e0 cr\u00e9er un environnement \u00e9ducatif dynamique et propice \u00e0 l\u2019\u00e9panouissement personnel et professionnel des jeunes rwandais, les pr\u00e9parant ainsi \u00e0 relever les d\u00e9fis du march\u00e9 du travail avec confiance et d\u00e9termination.<\/p>\n<p>Nous avons constat\u00e9 que depuis la derni\u00e8re formation en 2022, plusieurs initiatives ont \u00e9t\u00e9 mises en place, et nous sommes encourag\u00e9s par l\u2019enthousiasme et les attentes sp\u00e9cifiques des formateurs qui reviennent avec un d\u00e9sir accru d\u2019apprendre.[\/vc_column_text][\/vc_column][\/vc_row]<\/p>\n<\/div>","protected":false},"featured_media":65501,"template":"","meta":{"inline_featured_image":false,"footnotes":""},"categories":[235],"class_list":["post-65566","ra23","type-ra23","status-publish","has-post-thumbnail","hentry","category-formation-entrepreneuriale","modal_category-rapport-annuel-2023","description-off"],"yoast_head":"<!-- This site is optimized with the Yoast SEO plugin v27.5 - https:\/\/yoast.com\/product\/yoast-seo-wordpress\/ -->\n<title>Formation - ACTEC<\/title>\n<meta name=\"robots\" content=\"noindex, follow\" \/>\n<meta property=\"og:locale\" content=\"es_ES\" \/>\n<meta property=\"og:type\" content=\"article\" \/>\n<meta property=\"og:title\" content=\"Formation - ACTEC\" \/>\n<meta property=\"og:description\" content=\"[vc_row full_height=&#8221;yes&#8221; columns_placement=&#8221;stretch&#8221; equal_height=&#8221;yes&#8221; css=&#8221;.vc_custom_1720720345729{padding-top: 6rem !important;padding-bottom: 6rem !important;}&#8221;][vc_column][vc_raw_html css=&#8221;&#8221; el_id=&#8221;close-button&#8221;]JTNDc3BhbiUyMGNsYXNzJTNEJTIybWF0ZXJpYWwtc3ltYm9scy1vdXRsaW5lZCUyMiUzRWNsb3NlJTNDJTJGc3BhbiUzRQ==[\/vc_raw_html][vc_single_image source=&#8221;featured_image&#8221; img_size=&#8221;full&#8221; css=&#8221;&#8221; el_class=&#8221;img-main&#8221;][\/vc_column][vc_column width=&#8221;1\/3&#8243;][vc_column_text css=&#8221;&#8221; el_class=&#8221;related-title&#8221;] Nouvelles associ\u00e9es [\/vc_column_text][vc_column_text css=&#8221;&#8221; el_class=&#8221;related-news&#8221;]Kenya 2023 : Consolider un d\u00e9but prometteur[\/vc_column_text][vc_raw_html css=&#8221;&#8221; el_id=&#8221;return&#8221;]JTNDYSUyMGNsYXNzJTNEJTIycmV0dXJuLWJ1dHRvbiUyMiUyMGhyZWYlM0QlMjIlMkZyYXBwb3J0LWFubnVlbC0yMDIzJTJGJTIyJTNFJTNDc3BhbiUyMGNsYXNzJTNEJTIybWF0ZXJpYWwtc3ltYm9scy1vdXRsaW5lZCUyMiUzRWFycm93X2JhY2tfaW9zJTNDJTJGc3BhbiUzRSUyMFJldG91ciUyMGF1JTIwUmFwcG9ydCUyMEFubnVlbCUyMDIwMjMlM0MlMkZhJTNF[\/vc_raw_html][\/vc_column][vc_column width=&#8221;1\/12&#8243;][\/vc_column][vc_column width=&#8221;7\/12&#8243;][vc_column_text css=&#8221;&#8221; el_class=&#8221;news-title&#8221;] Formation Rwanda [\/vc_column_text][vc_column_text css=&#8221;&#8221;]Au Rwanda, la formation des formateurs reste au coeur de nos projets pour am\u00e9liorer la qualit\u00e9 de&hellip;\" \/>\n<meta property=\"og:url\" content=\"https:\/\/actec-ong.org\/es\/rapport-annuel-2023\/formation-entrepreneuriale-rwanda\/\" \/>\n<meta property=\"og:site_name\" content=\"ACTEC\" \/>\n<meta property=\"article:modified_time\" content=\"2024-07-29T14:53:51+00:00\" \/>\n<meta property=\"og:image\" content=\"https:\/\/actec-ong.org\/wp-content\/uploads\/2024\/07\/ACTEC-RA23-Formation-Entrepreneuriale-Rwanda-01.webp\" \/>\n\t<meta property=\"og:image:width\" content=\"1024\" \/>\n\t<meta property=\"og:image:height\" content=\"683\" \/>\n\t<meta property=\"og:image:type\" content=\"image\/webp\" \/>\n<meta name=\"twitter:card\" content=\"summary_large_image\" \/>\n<meta name=\"twitter:label1\" content=\"Est. reading time\" \/>\n\t<meta name=\"twitter:data1\" content=\"2 minutes\" \/>\n<script type=\"application\/ld+json\" class=\"yoast-schema-graph\">{\"@context\":\"https:\\\/\\\/schema.org\",\"@graph\":[{\"@type\":\"WebPage\",\"@id\":\"https:\\\/\\\/actec-ong.org\\\/es\\\/rapport-annuel-2023\\\/formation-entrepreneuriale-rwanda\\\/\",\"url\":\"https:\\\/\\\/actec-ong.org\\\/es\\\/rapport-annuel-2023\\\/formation-entrepreneuriale-rwanda\\\/\",\"name\":\"Formation - ACTEC\",\"isPartOf\":{\"@id\":\"https:\\\/\\\/actec-ong.org\\\/nl\\\/#website\"},\"primaryImageOfPage\":{\"@id\":\"https:\\\/\\\/actec-ong.org\\\/es\\\/rapport-annuel-2023\\\/formation-entrepreneuriale-rwanda\\\/#primaryimage\"},\"image\":{\"@id\":\"https:\\\/\\\/actec-ong.org\\\/es\\\/rapport-annuel-2023\\\/formation-entrepreneuriale-rwanda\\\/#primaryimage\"},\"thumbnailUrl\":\"https:\\\/\\\/actec-ong.org\\\/wp-content\\\/uploads\\\/2024\\\/07\\\/ACTEC-RA23-Formation-Entrepreneuriale-Rwanda-01.webp\",\"datePublished\":\"2024-07-15T17:21:03+00:00\",\"dateModified\":\"2024-07-29T14:53:51+00:00\",\"breadcrumb\":{\"@id\":\"https:\\\/\\\/actec-ong.org\\\/es\\\/rapport-annuel-2023\\\/formation-entrepreneuriale-rwanda\\\/#breadcrumb\"},\"inLanguage\":\"es-ES\",\"potentialAction\":[{\"@type\":\"ReadAction\",\"target\":[\"https:\\\/\\\/actec-ong.org\\\/es\\\/rapport-annuel-2023\\\/formation-entrepreneuriale-rwanda\\\/\"]}]},{\"@type\":\"ImageObject\",\"inLanguage\":\"es-ES\",\"@id\":\"https:\\\/\\\/actec-ong.org\\\/es\\\/rapport-annuel-2023\\\/formation-entrepreneuriale-rwanda\\\/#primaryimage\",\"url\":\"https:\\\/\\\/actec-ong.org\\\/wp-content\\\/uploads\\\/2024\\\/07\\\/ACTEC-RA23-Formation-Entrepreneuriale-Rwanda-01.webp\",\"contentUrl\":\"https:\\\/\\\/actec-ong.org\\\/wp-content\\\/uploads\\\/2024\\\/07\\\/ACTEC-RA23-Formation-Entrepreneuriale-Rwanda-01.webp\",\"width\":1024,\"height\":683},{\"@type\":\"BreadcrumbList\",\"@id\":\"https:\\\/\\\/actec-ong.org\\\/es\\\/rapport-annuel-2023\\\/formation-entrepreneuriale-rwanda\\\/#breadcrumb\",\"itemListElement\":[{\"@type\":\"ListItem\",\"position\":1,\"name\":\"Home\",\"item\":\"https:\\\/\\\/actec-ong.org\\\/es\\\/\"},{\"@type\":\"ListItem\",\"position\":2,\"name\":\"Formation\"}]},{\"@type\":\"WebSite\",\"@id\":\"https:\\\/\\\/actec-ong.org\\\/nl\\\/#website\",\"url\":\"https:\\\/\\\/actec-ong.org\\\/nl\\\/\",\"name\":\"ACTEC\",\"description\":\"Un m\u00e9tier pour tous\",\"potentialAction\":[{\"@type\":\"SearchAction\",\"target\":{\"@type\":\"EntryPoint\",\"urlTemplate\":\"https:\\\/\\\/actec-ong.org\\\/nl\\\/?s={search_term_string}\"},\"query-input\":{\"@type\":\"PropertyValueSpecification\",\"valueRequired\":true,\"valueName\":\"search_term_string\"}}],\"inLanguage\":\"es-ES\"}]}<\/script>\n<!-- \/ Yoast SEO plugin. -->","yoast_head_json":{"title":"Formation - ACTEC","robots":{"index":"noindex","follow":"follow"},"og_locale":"es_ES","og_type":"article","og_title":"Formation - ACTEC","og_description":"[vc_row full_height=&#8221;yes&#8221; columns_placement=&#8221;stretch&#8221; equal_height=&#8221;yes&#8221; css=&#8221;.vc_custom_1720720345729{padding-top: 6rem !important;padding-bottom: 6rem !important;}&#8221;][vc_column][vc_raw_html css=&#8221;&#8221; el_id=&#8221;close-button&#8221;]JTNDc3BhbiUyMGNsYXNzJTNEJTIybWF0ZXJpYWwtc3ltYm9scy1vdXRsaW5lZCUyMiUzRWNsb3NlJTNDJTJGc3BhbiUzRQ==[\/vc_raw_html][vc_single_image source=&#8221;featured_image&#8221; img_size=&#8221;full&#8221; css=&#8221;&#8221; el_class=&#8221;img-main&#8221;][\/vc_column][vc_column width=&#8221;1\/3&#8243;][vc_column_text css=&#8221;&#8221; el_class=&#8221;related-title&#8221;] Nouvelles associ\u00e9es [\/vc_column_text][vc_column_text css=&#8221;&#8221; el_class=&#8221;related-news&#8221;]Kenya 2023 : Consolider un d\u00e9but prometteur[\/vc_column_text][vc_raw_html css=&#8221;&#8221; el_id=&#8221;return&#8221;]JTNDYSUyMGNsYXNzJTNEJTIycmV0dXJuLWJ1dHRvbiUyMiUyMGhyZWYlM0QlMjIlMkZyYXBwb3J0LWFubnVlbC0yMDIzJTJGJTIyJTNFJTNDc3BhbiUyMGNsYXNzJTNEJTIybWF0ZXJpYWwtc3ltYm9scy1vdXRsaW5lZCUyMiUzRWFycm93X2JhY2tfaW9zJTNDJTJGc3BhbiUzRSUyMFJldG91ciUyMGF1JTIwUmFwcG9ydCUyMEFubnVlbCUyMDIwMjMlM0MlMkZhJTNF[\/vc_raw_html][\/vc_column][vc_column width=&#8221;1\/12&#8243;][\/vc_column][vc_column width=&#8221;7\/12&#8243;][vc_column_text css=&#8221;&#8221; el_class=&#8221;news-title&#8221;] Formation Rwanda [\/vc_column_text][vc_column_text css=&#8221;&#8221;]Au Rwanda, la formation des formateurs reste au coeur de nos projets pour am\u00e9liorer la qualit\u00e9 de&hellip;","og_url":"https:\/\/actec-ong.org\/es\/rapport-annuel-2023\/formation-entrepreneuriale-rwanda\/","og_site_name":"ACTEC","article_modified_time":"2024-07-29T14:53:51+00:00","og_image":[{"width":1024,"height":683,"url":"https:\/\/actec-ong.org\/wp-content\/uploads\/2024\/07\/ACTEC-RA23-Formation-Entrepreneuriale-Rwanda-01.webp","type":"image\/webp"}],"twitter_card":"summary_large_image","twitter_misc":{"Est. reading time":"2 minutes"},"schema":{"@context":"https:\/\/schema.org","@graph":[{"@type":"WebPage","@id":"https:\/\/actec-ong.org\/es\/rapport-annuel-2023\/formation-entrepreneuriale-rwanda\/","url":"https:\/\/actec-ong.org\/es\/rapport-annuel-2023\/formation-entrepreneuriale-rwanda\/","name":"Formation - ACTEC","isPartOf":{"@id":"https:\/\/actec-ong.org\/nl\/#website"},"primaryImageOfPage":{"@id":"https:\/\/actec-ong.org\/es\/rapport-annuel-2023\/formation-entrepreneuriale-rwanda\/#primaryimage"},"image":{"@id":"https:\/\/actec-ong.org\/es\/rapport-annuel-2023\/formation-entrepreneuriale-rwanda\/#primaryimage"},"thumbnailUrl":"https:\/\/actec-ong.org\/wp-content\/uploads\/2024\/07\/ACTEC-RA23-Formation-Entrepreneuriale-Rwanda-01.webp","datePublished":"2024-07-15T17:21:03+00:00","dateModified":"2024-07-29T14:53:51+00:00","breadcrumb":{"@id":"https:\/\/actec-ong.org\/es\/rapport-annuel-2023\/formation-entrepreneuriale-rwanda\/#breadcrumb"},"inLanguage":"es-ES","potentialAction":[{"@type":"ReadAction","target":["https:\/\/actec-ong.org\/es\/rapport-annuel-2023\/formation-entrepreneuriale-rwanda\/"]}]},{"@type":"ImageObject","inLanguage":"es-ES","@id":"https:\/\/actec-ong.org\/es\/rapport-annuel-2023\/formation-entrepreneuriale-rwanda\/#primaryimage","url":"https:\/\/actec-ong.org\/wp-content\/uploads\/2024\/07\/ACTEC-RA23-Formation-Entrepreneuriale-Rwanda-01.webp","contentUrl":"https:\/\/actec-ong.org\/wp-content\/uploads\/2024\/07\/ACTEC-RA23-Formation-Entrepreneuriale-Rwanda-01.webp","width":1024,"height":683},{"@type":"BreadcrumbList","@id":"https:\/\/actec-ong.org\/es\/rapport-annuel-2023\/formation-entrepreneuriale-rwanda\/#breadcrumb","itemListElement":[{"@type":"ListItem","position":1,"name":"Home","item":"https:\/\/actec-ong.org\/es\/"},{"@type":"ListItem","position":2,"name":"Formation"}]},{"@type":"WebSite","@id":"https:\/\/actec-ong.org\/nl\/#website","url":"https:\/\/actec-ong.org\/nl\/","name":"ACTEC","description":"Un m\u00e9tier pour tous","potentialAction":[{"@type":"SearchAction","target":{"@type":"EntryPoint","urlTemplate":"https:\/\/actec-ong.org\/nl\/?s={search_term_string}"},"query-input":{"@type":"PropertyValueSpecification","valueRequired":true,"valueName":"search_term_string"}}],"inLanguage":"es-ES"}]}},"_links":{"self":[{"href":"https:\/\/actec-ong.org\/es\/wp-json\/wp\/v2\/ra23\/65566","targetHints":{"allow":["GET"]}}],"collection":[{"href":"https:\/\/actec-ong.org\/es\/wp-json\/wp\/v2\/ra23"}],"about":[{"href":"https:\/\/actec-ong.org\/es\/wp-json\/wp\/v2\/types\/ra23"}],"version-history":[{"count":3,"href":"https:\/\/actec-ong.org\/es\/wp-json\/wp\/v2\/ra23\/65566\/revisions"}],"predecessor-version":[{"id":65747,"href":"https:\/\/actec-ong.org\/es\/wp-json\/wp\/v2\/ra23\/65566\/revisions\/65747"}],"wp:featuredmedia":[{"embeddable":true,"href":"https:\/\/actec-ong.org\/es\/wp-json\/wp\/v2\/media\/65501"}],"wp:attachment":[{"href":"https:\/\/actec-ong.org\/es\/wp-json\/wp\/v2\/media?parent=65566"}],"wp:term":[{"taxonomy":"category","embeddable":true,"href":"https:\/\/actec-ong.org\/es\/wp-json\/wp\/v2\/categories?post=65566"}],"curies":[{"name":"wp","href":"https:\/\/api.w.org\/{rel}","templated":true}]}}