{"id":53626,"date":"2017-11-23T12:37:55","date_gmt":"2017-11-23T12:37:55","guid":{"rendered":"http:\/\/actec.apps-1and1.net\/?page_id=53626"},"modified":"2018-04-27T16:19:56","modified_gmt":"2018-04-27T16:19:56","slug":"formacion-tecnica","status":"publish","type":"page","link":"https:\/\/actec-ong.org\/es\/nuestro-trabajo\/formacion-tecnica\/","title":{"rendered":"Formaci\u00f3n T\u00e9cnica"},"content":{"rendered":"<div class=\"wpb-content-wrapper\"><p>[vc_row bg_type=&#8221;image&#8221; parallax_style=&#8221;vcpb-vz-jquery&#8221; bg_image_new=&#8221;id^54782|url^http:\/\/actec-ong.org\/wp-content\/uploads\/2018\/01\/actec-formacion-tecnica-6.jpg|caption^null|alt^null|title^actec-formacion-tecnica-6|description^null&#8221; bg_image_repeat=&#8221;no-repeat&#8221; bg_override=&#8221;ex-full&#8221; enable_overlay=&#8221;enable_overlay_value&#8221; overlay_color=&#8221;rgba(0,0,0,0.1)&#8221; margin_top=&#8221;-50&#8243; type=&#8221;vc_default&#8221; css=&#8221;.vc_custom_1524477191706{padding-top: 20% !important;padding-bottom: 5% !important;}&#8221;][vc_column offset=&#8221;vc_col-lg-12 vc_col-md-12&#8243; css=&#8221;.vc_custom_1476030031960{padding-bottom: 10px !important;}&#8221;][vc_row_inner equal_height=&#8221;yes&#8221; content_placement=&#8221;bottom&#8221;][vc_column_inner width=&#8221;1\/4&#8243;]<div class=\"aio-icon-component    style_1\"><div id=\"Info-box-wrap-5050\" class=\"aio-icon-box top-icon\" style=\"\"  ><div class=\"aio-icon-top\"><div class=\"ult-just-icon-wrapper  \"><div class=\"align-icon\" style=\"text-align:center;\">\n<div class=\"aio-icon-img \" style=\"font-size:400px;display:inline-block;\" data-animation=\"slideInLeft\" data-animation-delay=\"03\">\n\t<img decoding=\"async\" class=\"img-icon\" alt=\"null\" src=\"https:\/\/actec-ong.org\/wp-content\/uploads\/2018\/01\/actec-formacion-tecnica-3.png\"\/>\n<\/div><\/div><\/div><\/div><\/div> <!-- aio-icon-box --><\/div> <!-- aio-icon-component -->[\/vc_column_inner][vc_column_inner width=&#8221;2\/4&#8243;]<div id=\"uvc-type-wrap-8155\"  data-ultimate-target='#uvc-type-wrap-8155'  data-responsive-json-new='{\"font-size\":\"desktop:70px;mobile:36px;\",\"line-height\":\"desktop:80px;mobile:46px;\"}'  class=\"uvc-type-wrap vc_custom_1524845971158 ult-adjust-bottom-margin ult-responsive text-shadow uvc-type-align-left uvc-type-no-prefix uvc-wrap-38101530569f51b02608c8\" style=\"text-align:left;\"><span id=\"typed-38101530569f51b02608c8\" class=\"ultimate-typed-main \" style=\"color:#ffffff; font-family:&#039;Roboto&#039;;font-weight:500; text-transform: unset;\"><\/span><script type=\"text\/javascript\">\n\t\t\t\t\t\tjQuery(function($){ \n\t\t\t\t\t\t\t$(document).ready(function(){\n\t\t\t\t\t\t\t\tif( typeof jQuery(\"#typed-38101530569f51b02608c8\").typed == \"function\"){\n\t\t\t\t\t\t\t\t\t$(\"#typed-38101530569f51b02608c8\").typed({\n\t\t\t\t\t\t\t\t\t\tstrings: [\"FORMACI\u00d3N T\u00c9CNICA\"],\n\t\t\t\t\t\t\t\t\t\ttypeSpeed: 100,\n\t\t\t\t\t\t\t\t\t\tbackSpeed: 0,\n\t\t\t\t\t\t\t\t\t\tstartDelay: \"1400\",\n\t\t\t\t\t\t\t\t\t\tbackDelay: \"1000000\",\n\t\t\t\t\t\t\t\t\t\tloop: false,\n\t\t\t\t\t\t\t\t\t\tloopCount: false,\n\t\t\t\t\t\t\t\t\t\tshowCursor: true,\n\t\t\t\t\t\t\t\t\t\tcursorChar: \"|\",\n\t\t\t\t\t\t\t\t\t\tattr: null\n\t\t\t\t\t\t\t\t\t});\n\t\t\t\t\t\t\t\t}\n\t\t\t\t\t\t\t});\n\t\t\t\t\t\t});\n\t\t\t\t\t<\/script><\/div>[\/vc_column_inner][vc_column_inner width=&#8221;1\/4&#8243;][\/vc_column_inner][\/vc_row_inner][\/vc_column][\/vc_row][vc_row full_width=&#8221;stretch_row&#8221; bg_type=&#8221;bg_color&#8221; css=&#8221;.vc_custom_1515510975320{padding-top: 75px !important;padding-bottom: 75px !important;}&#8221; bg_color_value=&#8221;#f7f7f7&#8243;][vc_column width=&#8221;1\/12&#8243;][\/vc_column][vc_column width=&#8221;10\/12&#8243;]<div id=\"ultimate-heading-501569f51b0260aa1\" class=\"uvc-heading ult-adjust-bottom-margin ultimate-heading-501569f51b0260aa1 uvc-5804  uvc-heading-default-font-sizes\" data-hspacer=\"no_spacer\"  data-halign=\"left\" style=\"text-align:left\"><div class=\"uvc-heading-spacer no_spacer\" style=\"top\"><\/div><div class=\"uvc-sub-heading ult-responsive\"  data-ultimate-target='.uvc-heading.ultimate-heading-501569f51b0260aa1 .uvc-sub-heading '  data-responsive-json-new='{\"font-size\":\"desktop:24px;\",\"line-height\":\"desktop:34px;\"}'  style=\"font-family:&#039;Roboto&#039;;font-weight:500;color:#b33723;margin-bottom:15px;\"><\/p>\n<h3 class=\"p1\" style=\"text-align: left;\"><span class=\"s1\"><b>ACTEC apuesta por ofrecer programas de formaci\u00f3n, cuya calidad sea la misma que tenemos en los pa\u00edses m\u00e1s avanzados. <\/b><\/span><\/h3>\n<p><\/div><\/div><div id=\"ultimate-heading-490869f51b0260b10\" class=\"uvc-heading ult-adjust-bottom-margin ultimate-heading-490869f51b0260b10 uvc-6350  uvc-heading-default-font-sizes\" data-hspacer=\"no_spacer\"  data-halign=\"left\" style=\"text-align:left\"><div class=\"uvc-heading-spacer no_spacer\" style=\"top\"><\/div><div class=\"uvc-sub-heading ult-responsive\"  data-ultimate-target='.uvc-heading.ultimate-heading-490869f51b0260b10 .uvc-sub-heading '  data-responsive-json-new='{\"font-size\":\"desktop:16px;\",\"line-height\":\"desktop:26px;\"}'  style=\"font-family:&#039;Roboto&#039;;font-weight:normal;font-style:normal;color:#201a15;\"><\/p>\n<p class=\"p1\" style=\"text-align: left;\"><span class=\"s1\">El aprendizaje de un oficio se consigue a trav\u00e9s de la formaci\u00f3n t\u00e9cnica o profesional de calidad, que combine practica y teor\u00eda. Para las poblaciones vulnerables de las pa\u00edses del Sur las oportunidades de formaci\u00f3n son muy limitadas o de baja calidad.<\/span><div class=\"gap\" style=\"line-height: 10px; height: 10px;\"><\/div>\n<p class=\"p1\" style=\"text-align: left;\"><span class=\"s1\">Para garantizar la calidad de los programas de formaci\u00f3n t\u00e9cnica de nuestros socios, ACTEC interviene e invierte en diferentes niveles:<\/span><\/p>\n<p><\/div><\/div>[\/vc_column][vc_column width=&#8221;1\/12&#8243;][\/vc_column][\/vc_row][vc_row full_width=&#8221;stretch_row_content_no_spaces&#8221; content_placement=&#8221;middle&#8221;][vc_column width=&#8221;1\/2&#8243; css=&#8221;.vc_custom_1511969394975{background-image: url(http:\/\/actec-ong.org\/wp-content\/uploads\/2017\/11\/actec-formacion-tecnica-1.jpg?id=53798) !important;background-position: center !important;background-repeat: no-repeat !important;background-size: cover !important;}&#8221;][vc_empty_space height=&#8221;500px&#8221;][\/vc_column][vc_column width=&#8221;1\/2&#8243; css=&#8221;.vc_custom_1511969774021{padding-right: 50px !important;padding-left: 50px !important;}&#8221;]<div id=\"ultimate-heading-51269f51b0260c1b\" class=\"uvc-heading ult-adjust-bottom-margin ultimate-heading-51269f51b0260c1b uvc-9739 \" data-hspacer=\"no_spacer\"  data-halign=\"left\" style=\"text-align:left\"><div class=\"uvc-heading-spacer no_spacer\" style=\"top\"><\/div><div class=\"uvc-main-heading ult-responsive\"  data-ultimate-target='.uvc-heading.ultimate-heading-51269f51b0260c1b h2'  data-responsive-json-new='{\"font-size\":\"desktop:30px;\",\"line-height\":\"desktop:40px;\"}' ><h2 style=\"font-family:&#039;Fira Sans&#039;;font-weight:600;margin-bottom:30px;\">Infraestructuras y equipamientos<\/h2><\/div><div class=\"uvc-sub-heading ult-responsive\"  data-ultimate-target='.uvc-heading.ultimate-heading-51269f51b0260c1b .uvc-sub-heading '  data-responsive-json-new='{\"font-size\":\"\",\"line-height\":\"\"}'  style=\"font-weight:normal;\"><\/p>\n<h5 class=\"p1\"><span class=\"s1\">En muchos de los centros de formaci\u00f3n de los pa\u00edses del sur los equipamientos son insuficientes o anticuados. Igualmente los espacios de formaci\u00f3n no permiten a los participantes formarse en las mejores condiciones. ACTEC da mucha importancia en generar condiciones satisfactorias de aprendizaje para que las personas aprendan un oficio en un ambiente digno, donde puedan practicar con los equipos con los que deber\u00e1n trabajar en el mercado laboral. Invertimos en dejar capacidad instalada: edificios y equipamientos que puedan ser utilizados por varias generaciones de estudiantes.<\/span><\/h5>\n<p><\/div><\/div>[\/vc_column][\/vc_row][vc_row full_width=&#8221;stretch_row_content_no_spaces&#8221; content_placement=&#8221;middle&#8221;][vc_column width=&#8221;1\/2&#8243; css=&#8221;.vc_custom_1511969766050{padding-right: 50px !important;padding-left: 50px !important;background-position: center !important;background-repeat: no-repeat !important;background-size: cover !important;}&#8221;]<div id=\"ultimate-heading-698069f51b0260c8a\" class=\"uvc-heading ult-adjust-bottom-margin ultimate-heading-698069f51b0260c8a uvc-5402 \" data-hspacer=\"no_spacer\"  data-halign=\"left\" style=\"text-align:left\"><div class=\"uvc-heading-spacer no_spacer\" style=\"top\"><\/div><div class=\"uvc-main-heading ult-responsive\"  data-ultimate-target='.uvc-heading.ultimate-heading-698069f51b0260c8a h2'  data-responsive-json-new='{\"font-size\":\"desktop:30px;\",\"line-height\":\"desktop:40px;\"}' ><h2 style=\"font-family:&#039;Fira Sans&#039;;font-weight:600;margin-bottom:30px;\">Formaci\u00f3n de formadores<\/h2><\/div><div class=\"uvc-sub-heading ult-responsive\"  data-ultimate-target='.uvc-heading.ultimate-heading-698069f51b0260c8a .uvc-sub-heading '  data-responsive-json-new='{\"font-size\":\"\",\"line-height\":\"\"}'  style=\"font-weight:normal;\"><\/p>\n<h5 class=\"p1\"><span class=\"s1\">Las capacidades humanas y las competencias t\u00e9cnicas de los equipos humanos de formaci\u00f3n necesitan una actualizaci\u00f3n permanente para garantizar una formaci\u00f3n pertinente y de calidad de nuestros beneficiarios. Con nuestros socios desarrollamos constantemente programas de formaciones para los formadores \u201cin situ\u201d, o en centros t\u00e9cnicos en Europa. Cada a\u00f1o se define un plan de formaci\u00f3n para cada equipo y se le da seguimiento.<\/span><\/h5>\n<p><\/div><\/div>[\/vc_column][vc_column width=&#8221;1\/2&#8243; css=&#8221;.vc_custom_1519289333283{background-image: url(http:\/\/actec-ong.org\/wp-content\/uploads\/2018\/02\/actec-formacion-tecnica-02.jpg?id=58512) !important;background-position: center !important;background-repeat: no-repeat !important;background-size: cover !important;}&#8221;][vc_empty_space height=&#8221;500px&#8221;][\/vc_column][\/vc_row][vc_row full_width=&#8221;stretch_row_content_no_spaces&#8221; content_placement=&#8221;middle&#8221;][vc_column width=&#8221;1\/2&#8243; css=&#8221;.vc_custom_1519289350485{background-image: url(http:\/\/actec-ong.org\/wp-content\/uploads\/2018\/02\/actec-formacion-tecnica-03.jpg?id=58516) !important;background-position: center !important;background-repeat: no-repeat !important;background-size: cover !important;}&#8221;][vc_empty_space height=&#8221;500px&#8221;][\/vc_column][vc_column width=&#8221;1\/2&#8243; css=&#8221;.vc_custom_1511969740615{padding-right: 50px !important;padding-left: 50px !important;}&#8221;]<div id=\"ultimate-heading-980969f51b0260cf0\" class=\"uvc-heading ult-adjust-bottom-margin ultimate-heading-980969f51b0260cf0 uvc-2016 \" data-hspacer=\"no_spacer\"  data-halign=\"left\" style=\"text-align:left\"><div class=\"uvc-heading-spacer no_spacer\" style=\"top\"><\/div><div class=\"uvc-main-heading ult-responsive\"  data-ultimate-target='.uvc-heading.ultimate-heading-980969f51b0260cf0 h2'  data-responsive-json-new='{\"font-size\":\"desktop:30px;\",\"line-height\":\"desktop:40px;\"}' ><h2 style=\"font-family:&#039;Fira Sans&#039;;font-weight:600;margin-bottom:30px;\">Creaci\u00f3n de modelos Escuela-Empresa<\/h2><\/div><div class=\"uvc-sub-heading ult-responsive\"  data-ultimate-target='.uvc-heading.ultimate-heading-980969f51b0260cf0 .uvc-sub-heading '  data-responsive-json-new='{\"font-size\":\"\",\"line-height\":\"\"}'  style=\"font-weight:normal;\"><\/p>\n<h5 class=\"p1\"><span class=\"s1\">Los programas de formaci\u00f3n t\u00e9cnica exigen un volumen de formaci\u00f3n practica importante e implican costos elevados. Nuestra preocupaci\u00f3n por crear programas sostenibles nos ha llevado a desarrollar con varios de nuestros socios el <b>modelo innovador Escuela-Empresa<\/b>: nuestros beneficiarios aprenden el oficio en las mismas condiciones que si fuera una empresa, al mismo tiempo que generan ingresos para la sostenibilidad econ\u00f3mica del programa.<\/span><\/h5>\n<p><\/div><\/div>[\/vc_column][\/vc_row][vc_row full_width=&#8221;stretch_row_content_no_spaces&#8221; content_placement=&#8221;middle&#8221;][vc_column width=&#8221;1\/2&#8243; css=&#8221;.vc_custom_1511969734213{padding-right: 50px !important;padding-left: 50px !important;background-position: center !important;background-repeat: no-repeat !important;background-size: cover !important;}&#8221;]<div id=\"ultimate-heading-593969f51b0260d74\" class=\"uvc-heading ult-adjust-bottom-margin ultimate-heading-593969f51b0260d74 uvc-9502 \" data-hspacer=\"no_spacer\"  data-halign=\"left\" style=\"text-align:left\"><div class=\"uvc-heading-spacer no_spacer\" style=\"top\"><\/div><div class=\"uvc-main-heading ult-responsive\"  data-ultimate-target='.uvc-heading.ultimate-heading-593969f51b0260d74 h2'  data-responsive-json-new='{\"font-size\":\"desktop:30px;\",\"line-height\":\"desktop:40px;\"}' ><h2 style=\"font-family:&#039;Fira Sans&#039;;font-weight:600;margin-bottom:30px;\">Programas de apoyo a la inserci\u00f3n laboral<\/h2><\/div><div class=\"uvc-sub-heading ult-responsive\"  data-ultimate-target='.uvc-heading.ultimate-heading-593969f51b0260d74 .uvc-sub-heading '  data-responsive-json-new='{\"font-size\":\"\",\"line-height\":\"\"}'  style=\"font-weight:normal;\"><\/p>\n<h5 class=\"p1\" style=\"text-align: left;\"><span class=\"s1\">El aporte de ACTEC permite a nuestros socios crear o fortalecer <b>Oficinas de Empleo<\/b> para facilitar la inserci\u00f3n laboral de los j\u00f3venes y de las mujeres capacitadas en el mercado. Igualmente, en los programas damos mucha importancia a la <b>formaci\u00f3n en soft skills<\/b> imprescindibles para mantener el empleo. <\/span><\/h5>\n<p><\/div><\/div>[\/vc_column][vc_column width=&#8221;1\/2&#8243; css=&#8221;.vc_custom_1519289368565{background-image: url(http:\/\/actec-ong.org\/wp-content\/uploads\/2018\/02\/actec-formacion-tecnica-04.jpg?id=58520) !important;background-position: center !important;background-repeat: no-repeat !important;background-size: cover !important;}&#8221;][vc_empty_space height=&#8221;500px&#8221;][\/vc_column][\/vc_row][vc_row full_width=&#8221;stretch_row&#8221; bg_type=&#8221;bg_color&#8221; type=&#8221;vc_default&#8221; margin_top=&#8221;-5&#8243; margin_bottom=&#8221;10&#8243; css=&#8221;.vc_custom_1517507840161{padding-top: 75px !important;padding-bottom: 125px !important;}&#8221; bg_color_value=&#8221;#f7f7f7&#8243;][vc_column]<div id=\"ultimate-heading-51169f51b0260e05\" class=\"uvc-heading ult-adjust-bottom-margin ultimate-heading-51169f51b0260e05 uvc-1443 \" data-hspacer=\"no_spacer\"  data-halign=\"center\" style=\"text-align:center\"><div class=\"uvc-heading-spacer no_spacer\" style=\"top\"><\/div><div class=\"uvc-main-heading ult-responsive\"  data-ultimate-target='.uvc-heading.ultimate-heading-51169f51b0260e05 h2'  data-responsive-json-new='{\"font-size\":\"desktop:50px;mobile_landscape:30px;\",\"line-height\":\"desktop:60px;mobile_landscape:40px;\"}' ><h2 style=\"font-family:&#039;Fira Sans&#039;;font-weight:600;margin-bottom:75px;\">Proyectos<\/h2><\/div><\/div><div class=\"dt-portfolio-shortcode slider-wrapper  owl-carousel dt-owl-carousel-init arrows-light enable-mobile-arrows description-on-hover hover-style-one content-align-left always-show-info\" data-padding-side=\"6\" data-autoslide=\"true\" data-delay=\"3000\" data-loop=\"false\" data-arrows=\"true\">\n\n<article class=\"post post-65117 dt_portfolio type-dt_portfolio status-publish has-post-thumbnail hentry dt_portfolio_category-formacion-tecnica dt_portfolio_category-rd-congo dt_portfolio_category-89 dt_portfolio_category-239\">\n\n\t<figure class=\"rollover-project \">\n\t<a href=\"https:\/\/actec-ong.org\/es\/project\/rdced\/\" class=\"layzr-bg\" title=\"actec-proyectos-ecole-infirmieres-1\"  aria-label=\"Post image\"><img fetchpriority=\"high\" decoding=\"async\" class=\"preload-me lazy-load aspect\" src=\"data:image\/svg+xml,%3Csvg%20xmlns%3D&#39;http%3A%2F%2Fwww.w3.org%2F2000%2Fsvg&#39;%20viewBox%3D&#39;0%200%20282%20282&#39;%2F%3E\" data-src=\"https:\/\/actec-ong.org\/wp-content\/uploads\/2023\/03\/actec-proyectos-ecole-infirmieres-1-282x282.jpg\" data-srcset=\"https:\/\/actec-ong.org\/wp-content\/uploads\/2023\/03\/actec-proyectos-ecole-infirmieres-1-282x282.jpg 282w, https:\/\/actec-ong.org\/wp-content\/uploads\/2023\/03\/actec-proyectos-ecole-infirmieres-1-564x564.jpg 564w\" loading=\"eager\" style=\"--ratio: 282 \/ 282\" sizes=\"(max-width: 282px) 100vw, 282px\" alt=\"\" width=\"282\" height=\"282\"  \/><\/a>\t\t<figcaption class=\"rollover-content\">\n\t\t<div class=\"links-container\"><a href=\"https:\/\/actec-ong.org\/wp-content\/uploads\/2023\/03\/actec-proyectos-ecole-infirmieres-1.jpg\" class=\"project-zoom dt-pswp-item dt-single-pswp-popup\" title=\"actec-proyectos-ecole-infirmieres-1\" data-dt-img-description=\"\" data-large_image_width=\"1600\" data-large_image_height=\"800\" aria-label=\"Portfolio zoom icon\">Lupa<\/a><a href=\"https:\/\/actec-ong.org\/es\/project\/rdced\/\" class=\"project-details\">Detalles<\/a><\/div>\t\t\t\t<div class=\"rollover-content-container\">\n\t\t\t<h3 class=\"entry-title\"><a href=\"https:\/\/actec-ong.org\/es\/project\/rdced\/\" title=\"RDCED\" rel=\"bookmark\">RDCED<\/a><\/h3><div class=\"entry-meta portfolio-categories\"><span class=\"category-link\"><a href=\"https:\/\/actec-ong.org\/es\/project-category\/formacion-tecnica\/\" >Formaci\u00f3n T\u00e9cnica<\/a>, <a href=\"https:\/\/actec-ong.org\/es\/project-category\/rd-congo\/\" >RD Congo<\/a><\/span><\/div>\t\t<\/div>\n\t\t\t\t\t<\/figcaption>\n\t<\/figure>\n<\/article>\n\n\n\n<article class=\"post post-65067 dt_portfolio type-dt_portfolio status-publish has-post-thumbnail hentry dt_portfolio_category-formacion-tecnica dt_portfolio_category-rd-congo dt_portfolio_category-89 dt_portfolio_category-239\">\n\n\t<figure class=\"rollover-project \">\n\t<a href=\"https:\/\/actec-ong.org\/es\/project\/escuela-de-enfermeria-kinshasa\/\" class=\"layzr-bg\" title=\"actec-proyectos-ecole-infirmieres-1\"  aria-label=\"Post image\"><img decoding=\"async\" class=\"preload-me lazy-load aspect\" src=\"data:image\/svg+xml,%3Csvg%20xmlns%3D&#39;http%3A%2F%2Fwww.w3.org%2F2000%2Fsvg&#39;%20viewBox%3D&#39;0%200%20282%20282&#39;%2F%3E\" data-src=\"https:\/\/actec-ong.org\/wp-content\/uploads\/2023\/03\/actec-proyectos-ecole-infirmieres-1-1-282x282.jpg\" data-srcset=\"https:\/\/actec-ong.org\/wp-content\/uploads\/2023\/03\/actec-proyectos-ecole-infirmieres-1-1-282x282.jpg 282w, https:\/\/actec-ong.org\/wp-content\/uploads\/2023\/03\/actec-proyectos-ecole-infirmieres-1-1-564x564.jpg 564w\" loading=\"eager\" style=\"--ratio: 282 \/ 282\" sizes=\"(max-width: 282px) 100vw, 282px\" alt=\"\" width=\"282\" height=\"282\"  \/><\/a>\t\t<figcaption class=\"rollover-content\">\n\t\t<div class=\"links-container\"><a href=\"https:\/\/actec-ong.org\/wp-content\/uploads\/2023\/03\/actec-proyectos-ecole-infirmieres-1-1.jpg\" class=\"project-zoom dt-pswp-item dt-single-pswp-popup\" title=\"actec-proyectos-ecole-infirmieres-1\" data-dt-img-description=\"\" data-large_image_width=\"1600\" data-large_image_height=\"800\" aria-label=\"Portfolio zoom icon\">Lupa<\/a><a href=\"https:\/\/actec-ong.org\/es\/project\/escuela-de-enfermeria-kinshasa\/\" class=\"project-details\">Detalles<\/a><\/div>\t\t\t\t<div class=\"rollover-content-container\">\n\t\t\t<h3 class=\"entry-title\"><a href=\"https:\/\/actec-ong.org\/es\/project\/escuela-de-enfermeria-kinshasa\/\" title=\"Escuela de Enfermer\u00eda\" rel=\"bookmark\">Escuela de Enfermer\u00eda<\/a><\/h3><div class=\"entry-meta portfolio-categories\"><span class=\"category-link\"><a href=\"https:\/\/actec-ong.org\/es\/project-category\/formacion-tecnica\/\" >Formaci\u00f3n T\u00e9cnica<\/a>, <a href=\"https:\/\/actec-ong.org\/es\/project-category\/rd-congo\/\" >RD Congo<\/a><\/span><\/div>\t\t<\/div>\n\t\t\t\t\t<\/figcaption>\n\t<\/figure>\n<\/article>\n\n\n\n<article class=\"post post-65045 dt_portfolio type-dt_portfolio status-publish has-post-thumbnail hentry dt_portfolio_category-ecuador dt_portfolio_category-formacion-tecnica dt_portfolio_category-248 dt_portfolio_category-89\">\n\n\t<figure class=\"rollover-project \">\n\t<a href=\"https:\/\/actec-ong.org\/es\/project\/guayaco-emprendedor\/\" class=\"layzr-bg\" title=\"actec-proyectos-jacaranda-aprende-emprende-1\"  aria-label=\"Post image\"><img decoding=\"async\" class=\"preload-me lazy-load aspect\" src=\"data:image\/svg+xml,%3Csvg%20xmlns%3D&#39;http%3A%2F%2Fwww.w3.org%2F2000%2Fsvg&#39;%20viewBox%3D&#39;0%200%20282%20282&#39;%2F%3E\" data-src=\"https:\/\/actec-ong.org\/wp-content\/uploads\/2023\/03\/actec-proyectos-jacaranda-aprende-emprende-1-282x282.jpg\" data-srcset=\"https:\/\/actec-ong.org\/wp-content\/uploads\/2023\/03\/actec-proyectos-jacaranda-aprende-emprende-1-282x282.jpg 282w, https:\/\/actec-ong.org\/wp-content\/uploads\/2023\/03\/actec-proyectos-jacaranda-aprende-emprende-1-564x564.jpg 564w\" loading=\"eager\" style=\"--ratio: 282 \/ 282\" sizes=\"(max-width: 282px) 100vw, 282px\" alt=\"\" width=\"282\" height=\"282\"  \/><\/a>\t\t<figcaption class=\"rollover-content\">\n\t\t<div class=\"links-container\"><a href=\"https:\/\/actec-ong.org\/wp-content\/uploads\/2023\/03\/actec-proyectos-jacaranda-aprende-emprende-1.jpg\" class=\"project-zoom dt-pswp-item dt-single-pswp-popup\" title=\"actec-proyectos-jacaranda-aprende-emprende-1\" data-dt-img-description=\"\" data-large_image_width=\"1600\" data-large_image_height=\"800\" aria-label=\"Portfolio zoom icon\">Lupa<\/a><a href=\"https:\/\/actec-ong.org\/es\/project\/guayaco-emprendedor\/\" class=\"project-details\">Detalles<\/a><\/div>\t\t\t\t<div class=\"rollover-content-container\">\n\t\t\t<h3 class=\"entry-title\"><a href=\"https:\/\/actec-ong.org\/es\/project\/guayaco-emprendedor\/\" title=\"Guayaco emprendedor\" rel=\"bookmark\">Guayaco emprendedor<\/a><\/h3><div class=\"entry-meta portfolio-categories\"><span class=\"category-link\"><a href=\"https:\/\/actec-ong.org\/es\/project-category\/ecuador\/\" >Ecuador<\/a>, <a href=\"https:\/\/actec-ong.org\/es\/project-category\/formacion-tecnica\/\" >Formaci\u00f3n T\u00e9cnica<\/a><\/span><\/div>\t\t<\/div>\n\t\t\t\t\t<\/figcaption>\n\t<\/figure>\n<\/article>\n\n\n\n<article class=\"post post-65025 dt_portfolio type-dt_portfolio status-publish has-post-thumbnail hentry dt_portfolio_category-ecuador dt_portfolio_category-formacion-tecnica dt_portfolio_category-248 dt_portfolio_category-89\">\n\n\t<figure class=\"rollover-project \">\n\t<a href=\"https:\/\/actec-ong.org\/es\/project\/jacaranda-aprende-y-emprende\/\" class=\"layzr-bg\" title=\"actec-proyectos-guayaco-emprendedor-1\"  aria-label=\"Post image\"><img decoding=\"async\" class=\"preload-me lazy-load aspect\" src=\"data:image\/svg+xml,%3Csvg%20xmlns%3D&#39;http%3A%2F%2Fwww.w3.org%2F2000%2Fsvg&#39;%20viewBox%3D&#39;0%200%20282%20282&#39;%2F%3E\" data-src=\"https:\/\/actec-ong.org\/wp-content\/uploads\/2023\/03\/actec-proyectos-guayaco-emprendedor-1-282x282.jpg\" data-srcset=\"https:\/\/actec-ong.org\/wp-content\/uploads\/2023\/03\/actec-proyectos-guayaco-emprendedor-1-282x282.jpg 282w, https:\/\/actec-ong.org\/wp-content\/uploads\/2023\/03\/actec-proyectos-guayaco-emprendedor-1-564x564.jpg 564w\" loading=\"eager\" style=\"--ratio: 282 \/ 282\" sizes=\"(max-width: 282px) 100vw, 282px\" alt=\"\" width=\"282\" height=\"282\"  \/><\/a>\t\t<figcaption class=\"rollover-content\">\n\t\t<div class=\"links-container\"><a href=\"https:\/\/actec-ong.org\/wp-content\/uploads\/2023\/03\/actec-proyectos-guayaco-emprendedor-1.jpg\" class=\"project-zoom dt-pswp-item dt-single-pswp-popup\" title=\"actec-proyectos-guayaco-emprendedor-1\" data-dt-img-description=\"\" data-large_image_width=\"1600\" data-large_image_height=\"800\" aria-label=\"Portfolio zoom icon\">Lupa<\/a><a href=\"https:\/\/actec-ong.org\/es\/project\/jacaranda-aprende-y-emprende\/\" class=\"project-details\">Detalles<\/a><\/div>\t\t\t\t<div class=\"rollover-content-container\">\n\t\t\t<h3 class=\"entry-title\"><a href=\"https:\/\/actec-ong.org\/es\/project\/jacaranda-aprende-y-emprende\/\" title=\"Jacarand\u00e1 aprende y emprende\" rel=\"bookmark\">Jacarand\u00e1 aprende y emprende<\/a><\/h3><div class=\"entry-meta portfolio-categories\"><span class=\"category-link\"><a href=\"https:\/\/actec-ong.org\/es\/project-category\/ecuador\/\" >Ecuador<\/a>, <a href=\"https:\/\/actec-ong.org\/es\/project-category\/formacion-tecnica\/\" >Formaci\u00f3n T\u00e9cnica<\/a><\/span><\/div>\t\t<\/div>\n\t\t\t\t\t<\/figcaption>\n\t<\/figure>\n<\/article>\n\n\n\n<article class=\"post post-57972 dt_portfolio type-dt_portfolio status-publish has-post-thumbnail hentry dt_portfolio_category-formacion-tecnica dt_portfolio_category-haiti dt_portfolio_category-89 dt_portfolio_category-245\">\n\n\t<figure class=\"rollover-project \">\n\t<a href=\"https:\/\/actec-ong.org\/es\/project\/escuela-hotelera-la-saline\/\" class=\"layzr-bg\" title=\"actec-proyectos-ecole-hoteliere-la-salina-1\"  aria-label=\"Post image\"><img decoding=\"async\" class=\"preload-me lazy-load aspect\" src=\"data:image\/svg+xml,%3Csvg%20xmlns%3D&#39;http%3A%2F%2Fwww.w3.org%2F2000%2Fsvg&#39;%20viewBox%3D&#39;0%200%20282%20282&#39;%2F%3E\" data-src=\"https:\/\/actec-ong.org\/wp-content\/uploads\/2018\/02\/actec-proyectos-ecole-hoteliere-la-salina-1-282x282.jpg\" data-srcset=\"https:\/\/actec-ong.org\/wp-content\/uploads\/2018\/02\/actec-proyectos-ecole-hoteliere-la-salina-1-282x282.jpg 282w, https:\/\/actec-ong.org\/wp-content\/uploads\/2018\/02\/actec-proyectos-ecole-hoteliere-la-salina-1-564x564.jpg 564w\" loading=\"eager\" style=\"--ratio: 282 \/ 282\" sizes=\"(max-width: 282px) 100vw, 282px\" alt=\"\" width=\"282\" height=\"282\"  \/><\/a>\t\t<figcaption class=\"rollover-content\">\n\t\t<div class=\"links-container\"><a href=\"https:\/\/actec-ong.org\/wp-content\/uploads\/2018\/02\/actec-proyectos-ecole-hoteliere-la-salina-1.jpg\" class=\"project-zoom dt-pswp-item dt-single-pswp-popup\" title=\"actec-proyectos-ecole-hoteliere-la-salina-1\" data-dt-img-description=\"\" data-large_image_width=\"1600\" data-large_image_height=\"800\" aria-label=\"Portfolio zoom icon\">Lupa<\/a><a href=\"https:\/\/actec-ong.org\/es\/project\/escuela-hotelera-la-saline\/\" class=\"project-details\">Detalles<\/a><\/div>\t\t\t\t<div class=\"rollover-content-container\">\n\t\t\t<h3 class=\"entry-title\"><a href=\"https:\/\/actec-ong.org\/es\/project\/escuela-hotelera-la-saline\/\" title=\"Escuela Hotelera La Saline\" rel=\"bookmark\">Escuela Hotelera La Saline<\/a><\/h3><div class=\"entry-meta portfolio-categories\"><span class=\"category-link\"><a href=\"https:\/\/actec-ong.org\/es\/project-category\/formacion-tecnica\/\" >Formaci\u00f3n T\u00e9cnica<\/a>, <a href=\"https:\/\/actec-ong.org\/es\/project-category\/haiti\/\" >Hait\u00ed<\/a><\/span><\/div>\t\t<\/div>\n\t\t\t\t\t<\/figcaption>\n\t<\/figure>\n<\/article>\n\n\n\n<article class=\"post post-57620 dt_portfolio type-dt_portfolio status-publish has-post-thumbnail hentry dt_portfolio_category-formacion-tecnica dt_portfolio_category-rd-congo dt_portfolio_category-89 dt_portfolio_category-239\">\n\n\t<figure class=\"rollover-project \">\n\t<a href=\"https:\/\/actec-ong.org\/es\/project\/upgrading-health-training-care\/\" class=\"layzr-bg\" title=\"actec-proyectos-upgrading-health-1\"  aria-label=\"Post image\"><img decoding=\"async\" class=\"preload-me lazy-load aspect\" src=\"data:image\/svg+xml,%3Csvg%20xmlns%3D&#39;http%3A%2F%2Fwww.w3.org%2F2000%2Fsvg&#39;%20viewBox%3D&#39;0%200%20282%20282&#39;%2F%3E\" data-src=\"https:\/\/actec-ong.org\/wp-content\/uploads\/2018\/02\/actec-proyectos-upgrading-health-1-282x282.jpg\" data-srcset=\"https:\/\/actec-ong.org\/wp-content\/uploads\/2018\/02\/actec-proyectos-upgrading-health-1-282x282.jpg 282w, https:\/\/actec-ong.org\/wp-content\/uploads\/2018\/02\/actec-proyectos-upgrading-health-1-564x564.jpg 564w\" loading=\"eager\" style=\"--ratio: 282 \/ 282\" sizes=\"(max-width: 282px) 100vw, 282px\" alt=\"\" width=\"282\" height=\"282\"  \/><\/a>\t\t<figcaption class=\"rollover-content\">\n\t\t<div class=\"links-container\"><a href=\"https:\/\/actec-ong.org\/wp-content\/uploads\/2018\/02\/actec-proyectos-upgrading-health-1.jpg\" class=\"project-zoom dt-pswp-item dt-single-pswp-popup\" title=\"actec-proyectos-upgrading-health-1\" data-dt-img-description=\"\" data-large_image_width=\"1600\" data-large_image_height=\"800\" aria-label=\"Portfolio zoom icon\">Lupa<\/a><a href=\"https:\/\/actec-ong.org\/es\/project\/upgrading-health-training-care\/\" class=\"project-details\">Detalles<\/a><\/div>\t\t\t\t<div class=\"rollover-content-container\">\n\t\t\t<h3 class=\"entry-title\"><a href=\"https:\/\/actec-ong.org\/es\/project\/upgrading-health-training-care\/\" title=\"Upgrading health training &#038; care\" rel=\"bookmark\">Upgrading health training &#038; care<\/a><\/h3><div class=\"entry-meta portfolio-categories\"><span class=\"category-link\"><a href=\"https:\/\/actec-ong.org\/es\/project-category\/formacion-tecnica\/\" >Formaci\u00f3n T\u00e9cnica<\/a>, <a href=\"https:\/\/actec-ong.org\/es\/project-category\/rd-congo\/\" >RD Congo<\/a><\/span><\/div>\t\t<\/div>\n\t\t\t\t\t<\/figcaption>\n\t<\/figure>\n<\/article>\n\n\n\n<article class=\"post post-57817 dt_portfolio type-dt_portfolio status-publish has-post-thumbnail hentry dt_portfolio_category-formacion-tecnica dt_portfolio_category-kenia dt_portfolio_category-89 dt_portfolio_category-241\">\n\n\t<figure class=\"rollover-project \">\n\t<a href=\"https:\/\/actec-ong.org\/es\/project\/grow-nairobis-young-talent\/\" class=\"layzr-bg\" title=\"actec-proyectos-grow-nairobis-young-talent-1\"  aria-label=\"Post image\"><img decoding=\"async\" class=\"preload-me lazy-load aspect\" src=\"data:image\/svg+xml,%3Csvg%20xmlns%3D&#39;http%3A%2F%2Fwww.w3.org%2F2000%2Fsvg&#39;%20viewBox%3D&#39;0%200%20282%20282&#39;%2F%3E\" data-src=\"https:\/\/actec-ong.org\/wp-content\/uploads\/2018\/02\/actec-proyectos-grow-nairobis-young-talent-1-282x282.jpg\" data-srcset=\"https:\/\/actec-ong.org\/wp-content\/uploads\/2018\/02\/actec-proyectos-grow-nairobis-young-talent-1-282x282.jpg 282w, https:\/\/actec-ong.org\/wp-content\/uploads\/2018\/02\/actec-proyectos-grow-nairobis-young-talent-1-564x564.jpg 564w\" loading=\"eager\" style=\"--ratio: 282 \/ 282\" sizes=\"(max-width: 282px) 100vw, 282px\" alt=\"\" width=\"282\" height=\"282\"  \/><\/a>\t\t<figcaption class=\"rollover-content\">\n\t\t<div class=\"links-container\"><a href=\"https:\/\/actec-ong.org\/wp-content\/uploads\/2018\/02\/actec-proyectos-grow-nairobis-young-talent-1.jpg\" class=\"project-zoom dt-pswp-item dt-single-pswp-popup\" title=\"actec-proyectos-grow-nairobis-young-talent-1\" data-dt-img-description=\"\" data-large_image_width=\"1600\" data-large_image_height=\"800\" aria-label=\"Portfolio zoom icon\">Lupa<\/a><a href=\"https:\/\/actec-ong.org\/es\/project\/grow-nairobis-young-talent\/\" class=\"project-details\">Detalles<\/a><\/div>\t\t\t\t<div class=\"rollover-content-container\">\n\t\t\t<h3 class=\"entry-title\"><a href=\"https:\/\/actec-ong.org\/es\/project\/grow-nairobis-young-talent\/\" title=\"Grow Nairobi&#8217;s Young Talent\" rel=\"bookmark\">Grow Nairobi&#8217;s Young Talent<\/a><\/h3><div class=\"entry-meta portfolio-categories\"><span class=\"category-link\"><a href=\"https:\/\/actec-ong.org\/es\/project-category\/formacion-tecnica\/\" >Formaci\u00f3n T\u00e9cnica<\/a>, <a href=\"https:\/\/actec-ong.org\/es\/project-category\/kenia\/\" >Kenia<\/a><\/span><\/div>\t\t<\/div>\n\t\t\t\t\t<\/figcaption>\n\t<\/figure>\n<\/article>\n\n\n\n<article class=\"post post-58204 dt_portfolio type-dt_portfolio status-publish has-post-thumbnail hentry dt_portfolio_category-colombia dt_portfolio_category-formacion-tecnica dt_portfolio_category-246 dt_portfolio_category-89\">\n\n\t<figure class=\"rollover-project \">\n\t<a href=\"https:\/\/actec-ong.org\/es\/project\/mama-en-accion\/\" class=\"layzr-bg\" title=\"actec-proyectos-mama-en-accion-1\"  aria-label=\"Post image\"><img decoding=\"async\" class=\"preload-me lazy-load aspect\" src=\"data:image\/svg+xml,%3Csvg%20xmlns%3D&#39;http%3A%2F%2Fwww.w3.org%2F2000%2Fsvg&#39;%20viewBox%3D&#39;0%200%20282%20282&#39;%2F%3E\" data-src=\"https:\/\/actec-ong.org\/wp-content\/uploads\/2018\/02\/actec-proyectos-mama-en-accion-1-282x282.jpg\" data-srcset=\"https:\/\/actec-ong.org\/wp-content\/uploads\/2018\/02\/actec-proyectos-mama-en-accion-1-282x282.jpg 282w, https:\/\/actec-ong.org\/wp-content\/uploads\/2018\/02\/actec-proyectos-mama-en-accion-1-564x564.jpg 564w\" loading=\"eager\" style=\"--ratio: 282 \/ 282\" sizes=\"(max-width: 282px) 100vw, 282px\" alt=\"\" width=\"282\" height=\"282\"  \/><\/a>\t\t<figcaption class=\"rollover-content\">\n\t\t<div class=\"links-container\"><a href=\"https:\/\/actec-ong.org\/wp-content\/uploads\/2018\/02\/actec-proyectos-mama-en-accion-1.jpg\" class=\"project-zoom dt-pswp-item dt-single-pswp-popup\" title=\"actec-proyectos-mama-en-accion-1\" data-dt-img-description=\"\" data-large_image_width=\"1600\" data-large_image_height=\"800\" aria-label=\"Portfolio zoom icon\">Lupa<\/a><a href=\"https:\/\/actec-ong.org\/es\/project\/mama-en-accion\/\" class=\"project-details\">Detalles<\/a><\/div>\t\t\t\t<div class=\"rollover-content-container\">\n\t\t\t<h3 class=\"entry-title\"><a href=\"https:\/\/actec-ong.org\/es\/project\/mama-en-accion\/\" title=\"Mam\u00e1 en acci\u00f3n\" rel=\"bookmark\">Mam\u00e1 en acci\u00f3n<\/a><\/h3><div class=\"entry-meta portfolio-categories\"><span class=\"category-link\"><a href=\"https:\/\/actec-ong.org\/es\/project-category\/colombia\/\" >Colombia<\/a>, <a href=\"https:\/\/actec-ong.org\/es\/project-category\/formacion-tecnica\/\" >Formaci\u00f3n T\u00e9cnica<\/a><\/span><\/div>\t\t<\/div>\n\t\t\t\t\t<\/figcaption>\n\t<\/figure>\n<\/article>\n\n\n\n<article class=\"post post-58257 dt_portfolio type-dt_portfolio status-publish has-post-thumbnail hentry dt_portfolio_category-ecuador dt_portfolio_category-formacion-tecnica dt_portfolio_category-248 dt_portfolio_category-89\">\n\n\t<figure class=\"rollover-project \">\n\t<a href=\"https:\/\/actec-ong.org\/es\/project\/capacitando-esmeraldas-para-la-costa\/\" class=\"layzr-bg\" title=\"actec-proyectos-capacitando-esmeraldas-1\"  aria-label=\"Post image\"><img decoding=\"async\" class=\"preload-me lazy-load aspect\" src=\"data:image\/svg+xml,%3Csvg%20xmlns%3D&#39;http%3A%2F%2Fwww.w3.org%2F2000%2Fsvg&#39;%20viewBox%3D&#39;0%200%20282%20282&#39;%2F%3E\" data-src=\"https:\/\/actec-ong.org\/wp-content\/uploads\/2018\/02\/actec-proyectos-capacitando-esmeraldas-1-282x282.jpg\" data-srcset=\"https:\/\/actec-ong.org\/wp-content\/uploads\/2018\/02\/actec-proyectos-capacitando-esmeraldas-1-282x282.jpg 282w, https:\/\/actec-ong.org\/wp-content\/uploads\/2018\/02\/actec-proyectos-capacitando-esmeraldas-1-564x564.jpg 564w\" loading=\"eager\" style=\"--ratio: 282 \/ 282\" sizes=\"(max-width: 282px) 100vw, 282px\" alt=\"\" width=\"282\" height=\"282\"  \/><\/a>\t\t<figcaption class=\"rollover-content\">\n\t\t<div class=\"links-container\"><a href=\"https:\/\/actec-ong.org\/wp-content\/uploads\/2018\/02\/actec-proyectos-capacitando-esmeraldas-1.jpg\" class=\"project-zoom dt-pswp-item dt-single-pswp-popup\" title=\"actec-proyectos-capacitando-esmeraldas-1\" data-dt-img-description=\"\" data-large_image_width=\"1600\" data-large_image_height=\"800\" aria-label=\"Portfolio zoom icon\">Lupa<\/a><a href=\"https:\/\/actec-ong.org\/es\/project\/capacitando-esmeraldas-para-la-costa\/\" class=\"project-details\">Detalles<\/a><\/div>\t\t\t\t<div class=\"rollover-content-container\">\n\t\t\t<h3 class=\"entry-title\"><a href=\"https:\/\/actec-ong.org\/es\/project\/capacitando-esmeraldas-para-la-costa\/\" title=\"Capacitando Esmeraldas para la costa\" rel=\"bookmark\">Capacitando Esmeraldas para la costa<\/a><\/h3><div class=\"entry-meta portfolio-categories\"><span class=\"category-link\"><a href=\"https:\/\/actec-ong.org\/es\/project-category\/ecuador\/\" >Ecuador<\/a>, <a href=\"https:\/\/actec-ong.org\/es\/project-category\/formacion-tecnica\/\" >Formaci\u00f3n T\u00e9cnica<\/a><\/span><\/div>\t\t<\/div>\n\t\t\t\t\t<\/figcaption>\n\t<\/figure>\n<\/article>\n\n\n\n<article class=\"post post-57640 dt_portfolio type-dt_portfolio status-publish has-post-thumbnail hentry dt_portfolio_category-formacion-tecnica dt_portfolio_category-rd-congo dt_portfolio_category-89 dt_portfolio_category-239\">\n\n\t<figure class=\"rollover-project \">\n\t<a href=\"https:\/\/actec-ong.org\/es\/project\/enfermeras-congolenas\/\" class=\"layzr-bg\" title=\"actec-proyectos-enfermeras-congo-1\"  aria-label=\"Post image\"><img decoding=\"async\" class=\"preload-me lazy-load aspect\" src=\"data:image\/svg+xml,%3Csvg%20xmlns%3D&#39;http%3A%2F%2Fwww.w3.org%2F2000%2Fsvg&#39;%20viewBox%3D&#39;0%200%20282%20282&#39;%2F%3E\" data-src=\"https:\/\/actec-ong.org\/wp-content\/uploads\/2018\/02\/actec-proyectos-enfermeras-congo-1-282x282.jpg\" data-srcset=\"https:\/\/actec-ong.org\/wp-content\/uploads\/2018\/02\/actec-proyectos-enfermeras-congo-1-282x282.jpg 282w, https:\/\/actec-ong.org\/wp-content\/uploads\/2018\/02\/actec-proyectos-enfermeras-congo-1-564x564.jpg 564w\" loading=\"eager\" style=\"--ratio: 282 \/ 282\" sizes=\"(max-width: 282px) 100vw, 282px\" alt=\"\" width=\"282\" height=\"282\"  \/><\/a>\t\t<figcaption class=\"rollover-content\">\n\t\t<div class=\"links-container\"><a href=\"https:\/\/actec-ong.org\/wp-content\/uploads\/2018\/02\/actec-proyectos-enfermeras-congo-1.jpg\" class=\"project-zoom dt-pswp-item dt-single-pswp-popup\" title=\"actec-proyectos-enfermeras-congo-1\" data-dt-img-description=\"\" data-large_image_width=\"1600\" data-large_image_height=\"800\" aria-label=\"Portfolio zoom icon\">Lupa<\/a><a href=\"https:\/\/actec-ong.org\/es\/project\/enfermeras-congolenas\/\" class=\"project-details\">Detalles<\/a><\/div>\t\t\t\t<div class=\"rollover-content-container\">\n\t\t\t<h3 class=\"entry-title\"><a href=\"https:\/\/actec-ong.org\/es\/project\/enfermeras-congolenas\/\" title=\"Enfermeras congole\u00f1as\" rel=\"bookmark\">Enfermeras congole\u00f1as<\/a><\/h3><div class=\"entry-meta portfolio-categories\"><span class=\"category-link\"><a href=\"https:\/\/actec-ong.org\/es\/project-category\/formacion-tecnica\/\" >Formaci\u00f3n T\u00e9cnica<\/a>, <a href=\"https:\/\/actec-ong.org\/es\/project-category\/rd-congo\/\" >RD Congo<\/a><\/span><\/div>\t\t<\/div>\n\t\t\t\t\t<\/figcaption>\n\t<\/figure>\n<\/article>\n\n\n\n<article class=\"post post-57917 dt_portfolio type-dt_portfolio status-publish has-post-thumbnail hentry dt_portfolio_category-formacion-tecnica dt_portfolio_category-guatemala dt_portfolio_category-89 dt_portfolio_category-243\">\n\n\t<figure class=\"rollover-project \">\n\t<a href=\"https:\/\/actec-ong.org\/es\/project\/ija\/\" class=\"layzr-bg\" title=\"actec-proyectos-ija-1\"  aria-label=\"Post image\"><img decoding=\"async\" class=\"preload-me lazy-load aspect\" src=\"data:image\/svg+xml,%3Csvg%20xmlns%3D&#39;http%3A%2F%2Fwww.w3.org%2F2000%2Fsvg&#39;%20viewBox%3D&#39;0%200%20282%20282&#39;%2F%3E\" data-src=\"https:\/\/actec-ong.org\/wp-content\/uploads\/2018\/02\/actec-proyectos-ija-1-282x282.jpg\" data-srcset=\"https:\/\/actec-ong.org\/wp-content\/uploads\/2018\/02\/actec-proyectos-ija-1-282x282.jpg 282w, https:\/\/actec-ong.org\/wp-content\/uploads\/2018\/02\/actec-proyectos-ija-1-564x564.jpg 564w\" loading=\"eager\" style=\"--ratio: 282 \/ 282\" sizes=\"(max-width: 282px) 100vw, 282px\" alt=\"\" width=\"282\" height=\"282\"  \/><\/a>\t\t<figcaption class=\"rollover-content\">\n\t\t<div class=\"links-container\"><a href=\"https:\/\/actec-ong.org\/wp-content\/uploads\/2018\/02\/actec-proyectos-ija-1.jpg\" class=\"project-zoom dt-pswp-item dt-single-pswp-popup\" title=\"actec-proyectos-ija-1\" data-dt-img-description=\"\" data-large_image_width=\"1600\" data-large_image_height=\"800\" aria-label=\"Portfolio zoom icon\">Lupa<\/a><a href=\"https:\/\/actec-ong.org\/es\/project\/ija\/\" class=\"project-details\">Detalles<\/a><\/div>\t\t\t\t<div class=\"rollover-content-container\">\n\t\t\t<h3 class=\"entry-title\"><a href=\"https:\/\/actec-ong.org\/es\/project\/ija\/\" title=\"IJA&#8217;\" rel=\"bookmark\">IJA&#8217;<\/a><\/h3><div class=\"entry-meta portfolio-categories\"><span class=\"category-link\"><a href=\"https:\/\/actec-ong.org\/es\/project-category\/formacion-tecnica\/\" >Formaci\u00f3n T\u00e9cnica<\/a>, <a href=\"https:\/\/actec-ong.org\/es\/project-category\/guatemala\/\" >Guatemala<\/a><\/span><\/div>\t\t<\/div>\n\t\t\t\t\t<\/figcaption>\n\t<\/figure>\n<\/article>\n\n\n\n<article class=\"post post-58041 dt_portfolio type-dt_portfolio status-publish has-post-thumbnail hentry dt_portfolio_category-formacion-tecnica dt_portfolio_category-haiti dt_portfolio_category-89 dt_portfolio_category-245\">\n\n\t<figure class=\"rollover-project \">\n\t<a href=\"https:\/\/actec-ong.org\/es\/project\/reducir-la-brecha-digital\/\" class=\"layzr-bg\" title=\"actec-proyectos-reducir-la-brecha-digital-1\"  aria-label=\"Post image\"><img decoding=\"async\" class=\"preload-me lazy-load aspect\" src=\"data:image\/svg+xml,%3Csvg%20xmlns%3D&#39;http%3A%2F%2Fwww.w3.org%2F2000%2Fsvg&#39;%20viewBox%3D&#39;0%200%20282%20282&#39;%2F%3E\" data-src=\"https:\/\/actec-ong.org\/wp-content\/uploads\/2018\/02\/actec-proyectos-reducir-la-brecha-digital-1-282x282.jpg\" data-srcset=\"https:\/\/actec-ong.org\/wp-content\/uploads\/2018\/02\/actec-proyectos-reducir-la-brecha-digital-1-282x282.jpg 282w, https:\/\/actec-ong.org\/wp-content\/uploads\/2018\/02\/actec-proyectos-reducir-la-brecha-digital-1-564x564.jpg 564w\" loading=\"eager\" style=\"--ratio: 282 \/ 282\" sizes=\"(max-width: 282px) 100vw, 282px\" alt=\"\" width=\"282\" height=\"282\"  \/><\/a>\t\t<figcaption class=\"rollover-content\">\n\t\t<div class=\"links-container\"><a href=\"https:\/\/actec-ong.org\/wp-content\/uploads\/2018\/02\/actec-proyectos-reducir-la-brecha-digital-1.jpg\" class=\"project-zoom dt-pswp-item dt-single-pswp-popup\" title=\"actec-proyectos-reducir-la-brecha-digital-1\" data-dt-img-description=\"\" data-large_image_width=\"1600\" data-large_image_height=\"800\" aria-label=\"Portfolio zoom icon\">Lupa<\/a><a href=\"https:\/\/actec-ong.org\/es\/project\/reducir-la-brecha-digital\/\" class=\"project-details\">Detalles<\/a><\/div>\t\t\t\t<div class=\"rollover-content-container\">\n\t\t\t<h3 class=\"entry-title\"><a href=\"https:\/\/actec-ong.org\/es\/project\/reducir-la-brecha-digital\/\" title=\"Reducir la brecha digital\" rel=\"bookmark\">Reducir la brecha digital<\/a><\/h3><div class=\"entry-meta portfolio-categories\"><span class=\"category-link\"><a href=\"https:\/\/actec-ong.org\/es\/project-category\/formacion-tecnica\/\" >Formaci\u00f3n T\u00e9cnica<\/a>, <a href=\"https:\/\/actec-ong.org\/es\/project-category\/haiti\/\" >Hait\u00ed<\/a><\/span><\/div>\t\t<\/div>\n\t\t\t\t\t<\/figcaption>\n\t<\/figure>\n<\/article>\n\n\n\n<article class=\"post post-57598 dt_portfolio type-dt_portfolio status-publish has-post-thumbnail hentry dt_portfolio_category-formacion-tecnica dt_portfolio_category-rd-congo dt_portfolio_category-89 dt_portfolio_category-239\">\n\n\t<figure class=\"rollover-project \">\n\t<a href=\"https:\/\/actec-ong.org\/es\/project\/college-saint-georges\/\" class=\"layzr-bg\" title=\"actec-proyectos-college-saint-george-1\"  aria-label=\"Post image\"><img decoding=\"async\" class=\"preload-me lazy-load aspect\" src=\"data:image\/svg+xml,%3Csvg%20xmlns%3D&#39;http%3A%2F%2Fwww.w3.org%2F2000%2Fsvg&#39;%20viewBox%3D&#39;0%200%20282%20282&#39;%2F%3E\" data-src=\"https:\/\/actec-ong.org\/wp-content\/uploads\/2018\/02\/actec-proyectos-college-saint-george-1-282x282.jpg\" data-srcset=\"https:\/\/actec-ong.org\/wp-content\/uploads\/2018\/02\/actec-proyectos-college-saint-george-1-282x282.jpg 282w, https:\/\/actec-ong.org\/wp-content\/uploads\/2018\/02\/actec-proyectos-college-saint-george-1-564x564.jpg 564w\" loading=\"eager\" style=\"--ratio: 282 \/ 282\" sizes=\"(max-width: 282px) 100vw, 282px\" alt=\"\" width=\"282\" height=\"282\"  \/><\/a>\t\t<figcaption class=\"rollover-content\">\n\t\t<div class=\"links-container\"><a href=\"https:\/\/actec-ong.org\/wp-content\/uploads\/2018\/02\/actec-proyectos-college-saint-george-1.jpg\" class=\"project-zoom dt-pswp-item dt-single-pswp-popup\" title=\"actec-proyectos-college-saint-george-1\" data-dt-img-description=\"\" data-large_image_width=\"1600\" data-large_image_height=\"800\" aria-label=\"Portfolio zoom icon\">Lupa<\/a><a href=\"https:\/\/actec-ong.org\/es\/project\/college-saint-georges\/\" class=\"project-details\">Detalles<\/a><\/div>\t\t\t\t<div class=\"rollover-content-container\">\n\t\t\t<h3 class=\"entry-title\"><a href=\"https:\/\/actec-ong.org\/es\/project\/college-saint-georges\/\" title=\"Coll\u00e8ge Saint-Georges\" rel=\"bookmark\">Coll\u00e8ge Saint-Georges<\/a><\/h3><div class=\"entry-meta portfolio-categories\"><span class=\"category-link\"><a href=\"https:\/\/actec-ong.org\/es\/project-category\/formacion-tecnica\/\" >Formaci\u00f3n T\u00e9cnica<\/a>, <a href=\"https:\/\/actec-ong.org\/es\/project-category\/rd-congo\/\" >RD Congo<\/a><\/span><\/div>\t\t<\/div>\n\t\t\t\t\t<\/figcaption>\n\t<\/figure>\n<\/article>\n\n\n\n<article class=\"post post-57672 dt_portfolio type-dt_portfolio status-publish has-post-thumbnail hentry dt_portfolio_category-camerun dt_portfolio_category-formacion-tecnica dt_portfolio_category-240 dt_portfolio_category-89\">\n\n\t<figure class=\"rollover-project \">\n\t<a href=\"https:\/\/actec-ong.org\/es\/project\/doualas-got-talent\/\" class=\"layzr-bg\" title=\"actec-proyectos-doualas-got-talent-1\"  aria-label=\"Post image\"><img decoding=\"async\" class=\"preload-me lazy-load aspect\" src=\"data:image\/svg+xml,%3Csvg%20xmlns%3D&#39;http%3A%2F%2Fwww.w3.org%2F2000%2Fsvg&#39;%20viewBox%3D&#39;0%200%20282%20282&#39;%2F%3E\" data-src=\"https:\/\/actec-ong.org\/wp-content\/uploads\/2018\/02\/actec-proyectos-doualas-got-talent-1-282x282.jpg\" data-srcset=\"https:\/\/actec-ong.org\/wp-content\/uploads\/2018\/02\/actec-proyectos-doualas-got-talent-1-282x282.jpg 282w, https:\/\/actec-ong.org\/wp-content\/uploads\/2018\/02\/actec-proyectos-doualas-got-talent-1-564x564.jpg 564w\" loading=\"eager\" style=\"--ratio: 282 \/ 282\" sizes=\"(max-width: 282px) 100vw, 282px\" alt=\"\" width=\"282\" height=\"282\"  \/><\/a>\t\t<figcaption class=\"rollover-content\">\n\t\t<div class=\"links-container\"><a href=\"https:\/\/actec-ong.org\/wp-content\/uploads\/2018\/02\/actec-proyectos-doualas-got-talent-1.jpg\" class=\"project-zoom dt-pswp-item dt-single-pswp-popup\" title=\"actec-proyectos-doualas-got-talent-1\" data-dt-img-description=\"\" data-large_image_width=\"1600\" data-large_image_height=\"800\" aria-label=\"Portfolio zoom icon\">Lupa<\/a><a href=\"https:\/\/actec-ong.org\/es\/project\/doualas-got-talent\/\" class=\"project-details\">Detalles<\/a><\/div>\t\t\t\t<div class=\"rollover-content-container\">\n\t\t\t<h3 class=\"entry-title\"><a href=\"https:\/\/actec-ong.org\/es\/project\/doualas-got-talent\/\" title=\"Douala&#8217;s got Talent\" rel=\"bookmark\">Douala&#8217;s got Talent<\/a><\/h3><div class=\"entry-meta portfolio-categories\"><span class=\"category-link\"><a href=\"https:\/\/actec-ong.org\/es\/project-category\/camerun\/\" >Camer\u00fan<\/a>, <a href=\"https:\/\/actec-ong.org\/es\/project-category\/formacion-tecnica\/\" >Formaci\u00f3n T\u00e9cnica<\/a><\/span><\/div>\t\t<\/div>\n\t\t\t\t\t<\/figcaption>\n\t<\/figure>\n<\/article>\n\n\n\n<article class=\"post post-57853 dt_portfolio type-dt_portfolio status-publish has-post-thumbnail hentry dt_portfolio_category-formacion-tecnica dt_portfolio_category-guatemala dt_portfolio_category-89 dt_portfolio_category-243\">\n\n\t<figure class=\"rollover-project \">\n\t<a href=\"https:\/\/actec-ong.org\/es\/project\/pedagogia-en-alternancia\/\" class=\"layzr-bg\" title=\"actec-proyectos-pedagogia-alternancia-1\"  aria-label=\"Post image\"><img decoding=\"async\" class=\"preload-me lazy-load aspect\" src=\"data:image\/svg+xml,%3Csvg%20xmlns%3D&#39;http%3A%2F%2Fwww.w3.org%2F2000%2Fsvg&#39;%20viewBox%3D&#39;0%200%20282%20282&#39;%2F%3E\" data-src=\"https:\/\/actec-ong.org\/wp-content\/uploads\/2018\/02\/actec-proyectos-pedagogia-alternancia-1-282x282.jpg\" data-srcset=\"https:\/\/actec-ong.org\/wp-content\/uploads\/2018\/02\/actec-proyectos-pedagogia-alternancia-1-282x282.jpg 282w, https:\/\/actec-ong.org\/wp-content\/uploads\/2018\/02\/actec-proyectos-pedagogia-alternancia-1-564x564.jpg 564w\" loading=\"eager\" style=\"--ratio: 282 \/ 282\" sizes=\"(max-width: 282px) 100vw, 282px\" alt=\"\" width=\"282\" height=\"282\"  \/><\/a>\t\t<figcaption class=\"rollover-content\">\n\t\t<div class=\"links-container\"><a href=\"https:\/\/actec-ong.org\/wp-content\/uploads\/2018\/02\/actec-proyectos-pedagogia-alternancia-1.jpg\" class=\"project-zoom dt-pswp-item dt-single-pswp-popup\" title=\"actec-proyectos-pedagogia-alternancia-1\" data-dt-img-description=\"\" data-large_image_width=\"1600\" data-large_image_height=\"800\" aria-label=\"Portfolio zoom icon\">Lupa<\/a><a href=\"https:\/\/actec-ong.org\/es\/project\/pedagogia-en-alternancia\/\" class=\"project-details\">Detalles<\/a><\/div>\t\t\t\t<div class=\"rollover-content-container\">\n\t\t\t<h3 class=\"entry-title\"><a href=\"https:\/\/actec-ong.org\/es\/project\/pedagogia-en-alternancia\/\" title=\"Pedagog\u00eda en alternancia\" rel=\"bookmark\">Pedagog\u00eda en alternancia<\/a><\/h3><div class=\"entry-meta portfolio-categories\"><span class=\"category-link\"><a href=\"https:\/\/actec-ong.org\/es\/project-category\/formacion-tecnica\/\" >Formaci\u00f3n T\u00e9cnica<\/a>, <a href=\"https:\/\/actec-ong.org\/es\/project-category\/guatemala\/\" >Guatemala<\/a><\/span><\/div>\t\t<\/div>\n\t\t\t\t\t<\/figcaption>\n\t<\/figure>\n<\/article>\n\n\n\n<article class=\"post post-57790 dt_portfolio type-dt_portfolio status-publish has-post-thumbnail hentry dt_portfolio_category-formacion-tecnica dt_portfolio_category-kenia dt_portfolio_category-89 dt_portfolio_category-241\">\n\n\t<figure class=\"rollover-project \">\n\t<a href=\"https:\/\/actec-ong.org\/es\/project\/mwangaza-college\/\" class=\"layzr-bg\" title=\"actec-proyectos-mwangaza-1\"  aria-label=\"Post image\"><img decoding=\"async\" class=\"preload-me lazy-load aspect\" src=\"data:image\/svg+xml,%3Csvg%20xmlns%3D&#39;http%3A%2F%2Fwww.w3.org%2F2000%2Fsvg&#39;%20viewBox%3D&#39;0%200%20282%20282&#39;%2F%3E\" data-src=\"https:\/\/actec-ong.org\/wp-content\/uploads\/2018\/02\/actec-proyectos-mwangaza-1-282x282.jpg\" data-srcset=\"https:\/\/actec-ong.org\/wp-content\/uploads\/2018\/02\/actec-proyectos-mwangaza-1-282x282.jpg 282w, https:\/\/actec-ong.org\/wp-content\/uploads\/2018\/02\/actec-proyectos-mwangaza-1-564x564.jpg 564w\" loading=\"eager\" style=\"--ratio: 282 \/ 282\" sizes=\"(max-width: 282px) 100vw, 282px\" alt=\"\" width=\"282\" height=\"282\"  \/><\/a>\t\t<figcaption class=\"rollover-content\">\n\t\t<div class=\"links-container\"><a href=\"https:\/\/actec-ong.org\/wp-content\/uploads\/2018\/02\/actec-proyectos-mwangaza-1.jpg\" class=\"project-zoom dt-pswp-item dt-single-pswp-popup\" title=\"actec-proyectos-mwangaza-1\" data-dt-img-description=\"\" data-large_image_width=\"1600\" data-large_image_height=\"800\" aria-label=\"Portfolio zoom icon\">Lupa<\/a><a href=\"https:\/\/actec-ong.org\/es\/project\/mwangaza-college\/\" class=\"project-details\">Detalles<\/a><\/div>\t\t\t\t<div class=\"rollover-content-container\">\n\t\t\t<h3 class=\"entry-title\"><a href=\"https:\/\/actec-ong.org\/es\/project\/mwangaza-college\/\" title=\"Mwangaza College\" rel=\"bookmark\">Mwangaza College<\/a><\/h3><div class=\"entry-meta portfolio-categories\"><span class=\"category-link\"><a href=\"https:\/\/actec-ong.org\/es\/project-category\/formacion-tecnica\/\" >Formaci\u00f3n T\u00e9cnica<\/a>, <a href=\"https:\/\/actec-ong.org\/es\/project-category\/kenia\/\" >Kenia<\/a><\/span><\/div>\t\t<\/div>\n\t\t\t\t\t<\/figcaption>\n\t<\/figure>\n<\/article>\n\n\n\n<article class=\"post post-57586 dt_portfolio type-dt_portfolio status-publish has-post-thumbnail hentry dt_portfolio_category-formacion-tecnica dt_portfolio_category-rd-congo dt_portfolio_category-89 dt_portfolio_category-239\">\n\n\t<figure class=\"rollover-project \">\n\t<a href=\"https:\/\/actec-ong.org\/es\/project\/building-educational-capacities-in-congo\/\" class=\"layzr-bg\" title=\"actec-proyectos-building-educational-capacities-1\"  aria-label=\"Post image\"><img decoding=\"async\" class=\"preload-me lazy-load aspect\" src=\"data:image\/svg+xml,%3Csvg%20xmlns%3D&#39;http%3A%2F%2Fwww.w3.org%2F2000%2Fsvg&#39;%20viewBox%3D&#39;0%200%20282%20282&#39;%2F%3E\" data-src=\"https:\/\/actec-ong.org\/wp-content\/uploads\/2018\/02\/actec-proyectos-building-educational-capacities-1-282x282.jpg\" data-srcset=\"https:\/\/actec-ong.org\/wp-content\/uploads\/2018\/02\/actec-proyectos-building-educational-capacities-1-282x282.jpg 282w, https:\/\/actec-ong.org\/wp-content\/uploads\/2018\/02\/actec-proyectos-building-educational-capacities-1-564x564.jpg 564w\" loading=\"eager\" style=\"--ratio: 282 \/ 282\" sizes=\"(max-width: 282px) 100vw, 282px\" alt=\"\" width=\"282\" height=\"282\"  \/><\/a>\t\t<figcaption class=\"rollover-content\">\n\t\t<div class=\"links-container\"><a href=\"https:\/\/actec-ong.org\/wp-content\/uploads\/2018\/02\/actec-proyectos-building-educational-capacities-1.jpg\" class=\"project-zoom dt-pswp-item dt-single-pswp-popup\" title=\"actec-proyectos-building-educational-capacities-1\" data-dt-img-description=\"\" data-large_image_width=\"1600\" data-large_image_height=\"800\" aria-label=\"Portfolio zoom icon\">Lupa<\/a><a href=\"https:\/\/actec-ong.org\/es\/project\/building-educational-capacities-in-congo\/\" class=\"project-details\">Detalles<\/a><\/div>\t\t\t\t<div class=\"rollover-content-container\">\n\t\t\t<h3 class=\"entry-title\"><a href=\"https:\/\/actec-ong.org\/es\/project\/building-educational-capacities-in-congo\/\" title=\"Building Educational Capacities in Congo\" rel=\"bookmark\">Building Educational Capacities in Congo<\/a><\/h3><div class=\"entry-meta portfolio-categories\"><span class=\"category-link\"><a href=\"https:\/\/actec-ong.org\/es\/project-category\/formacion-tecnica\/\" >Formaci\u00f3n T\u00e9cnica<\/a>, <a href=\"https:\/\/actec-ong.org\/es\/project-category\/rd-congo\/\" >RD Congo<\/a><\/span><\/div>\t\t<\/div>\n\t\t\t\t\t<\/figcaption>\n\t<\/figure>\n<\/article>\n\n\n\n<article class=\"post post-58229 dt_portfolio type-dt_portfolio status-publish has-post-thumbnail hentry dt_portfolio_category-ecuador dt_portfolio_category-formacion-tecnica dt_portfolio_category-248 dt_portfolio_category-89\">\n\n\t<figure class=\"rollover-project \">\n\t<a href=\"https:\/\/actec-ong.org\/es\/project\/guayaquil-avanza\/\" class=\"layzr-bg\" title=\"actec-proyectos-guayaquil-avanza-1\"  aria-label=\"Post image\"><img decoding=\"async\" class=\"preload-me lazy-load aspect\" src=\"data:image\/svg+xml,%3Csvg%20xmlns%3D&#39;http%3A%2F%2Fwww.w3.org%2F2000%2Fsvg&#39;%20viewBox%3D&#39;0%200%20282%20282&#39;%2F%3E\" data-src=\"https:\/\/actec-ong.org\/wp-content\/uploads\/2018\/02\/actec-proyectos-guayaquil-avanza-1-282x282.jpg\" data-srcset=\"https:\/\/actec-ong.org\/wp-content\/uploads\/2018\/02\/actec-proyectos-guayaquil-avanza-1-282x282.jpg 282w, https:\/\/actec-ong.org\/wp-content\/uploads\/2018\/02\/actec-proyectos-guayaquil-avanza-1-564x564.jpg 564w\" loading=\"eager\" style=\"--ratio: 282 \/ 282\" sizes=\"(max-width: 282px) 100vw, 282px\" alt=\"\" width=\"282\" height=\"282\"  \/><\/a>\t\t<figcaption class=\"rollover-content\">\n\t\t<div class=\"links-container\"><a href=\"https:\/\/actec-ong.org\/wp-content\/uploads\/2018\/02\/actec-proyectos-guayaquil-avanza-1.jpg\" class=\"project-zoom dt-pswp-item dt-single-pswp-popup\" title=\"actec-proyectos-guayaquil-avanza-1\" data-dt-img-description=\"\" data-large_image_width=\"1600\" data-large_image_height=\"800\" aria-label=\"Portfolio zoom icon\">Lupa<\/a><a href=\"https:\/\/actec-ong.org\/es\/project\/guayaquil-avanza\/\" class=\"project-details\">Detalles<\/a><\/div>\t\t\t\t<div class=\"rollover-content-container\">\n\t\t\t<h3 class=\"entry-title\"><a href=\"https:\/\/actec-ong.org\/es\/project\/guayaquil-avanza\/\" title=\"Guayaquil avanza\" rel=\"bookmark\">Guayaquil avanza<\/a><\/h3><div class=\"entry-meta portfolio-categories\"><span class=\"category-link\"><a href=\"https:\/\/actec-ong.org\/es\/project-category\/ecuador\/\" >Ecuador<\/a>, <a href=\"https:\/\/actec-ong.org\/es\/project-category\/formacion-tecnica\/\" >Formaci\u00f3n T\u00e9cnica<\/a><\/span><\/div>\t\t<\/div>\n\t\t\t\t\t<\/figcaption>\n\t<\/figure>\n<\/article>\n\n\n\n<article class=\"post post-58048 dt_portfolio type-dt_portfolio status-publish has-post-thumbnail hentry dt_portfolio_category-formacion-tecnica dt_portfolio_category-haiti dt_portfolio_category-89 dt_portfolio_category-245\">\n\n\t<figure class=\"rollover-project \">\n\t<a href=\"https:\/\/actec-ong.org\/es\/project\/centre-professionnel-technique-mains-ouvertes\/\" class=\"layzr-bg\" title=\"actec-proyectos-centre-professionnel-1\"  aria-label=\"Post image\"><img decoding=\"async\" class=\"preload-me lazy-load aspect\" src=\"data:image\/svg+xml,%3Csvg%20xmlns%3D&#39;http%3A%2F%2Fwww.w3.org%2F2000%2Fsvg&#39;%20viewBox%3D&#39;0%200%20282%20282&#39;%2F%3E\" data-src=\"https:\/\/actec-ong.org\/wp-content\/uploads\/2018\/02\/actec-proyectos-centre-professionnel-1-282x282.jpg\" data-srcset=\"https:\/\/actec-ong.org\/wp-content\/uploads\/2018\/02\/actec-proyectos-centre-professionnel-1-282x282.jpg 282w, https:\/\/actec-ong.org\/wp-content\/uploads\/2018\/02\/actec-proyectos-centre-professionnel-1-564x564.jpg 564w\" loading=\"eager\" style=\"--ratio: 282 \/ 282\" sizes=\"(max-width: 282px) 100vw, 282px\" alt=\"\" width=\"282\" height=\"282\"  \/><\/a>\t\t<figcaption class=\"rollover-content\">\n\t\t<div class=\"links-container\"><a href=\"https:\/\/actec-ong.org\/wp-content\/uploads\/2018\/02\/actec-proyectos-centre-professionnel-1.jpg\" class=\"project-zoom dt-pswp-item dt-single-pswp-popup\" title=\"actec-proyectos-centre-professionnel-1\" data-dt-img-description=\"\" data-large_image_width=\"1600\" data-large_image_height=\"800\" aria-label=\"Portfolio zoom icon\">Lupa<\/a><a href=\"https:\/\/actec-ong.org\/es\/project\/centre-professionnel-technique-mains-ouvertes\/\" class=\"project-details\">Detalles<\/a><\/div>\t\t\t\t<div class=\"rollover-content-container\">\n\t\t\t<h3 class=\"entry-title\"><a href=\"https:\/\/actec-ong.org\/es\/project\/centre-professionnel-technique-mains-ouvertes\/\" title=\"Centre Professionnel &#038; Technique Mains Ouvertes\" rel=\"bookmark\">Centre Professionnel &#038; Technique Mains Ouvertes<\/a><\/h3><div class=\"entry-meta portfolio-categories\"><span class=\"category-link\"><a href=\"https:\/\/actec-ong.org\/es\/project-category\/formacion-tecnica\/\" >Formaci\u00f3n T\u00e9cnica<\/a>, <a href=\"https:\/\/actec-ong.org\/es\/project-category\/haiti\/\" >Hait\u00ed<\/a><\/span><\/div>\t\t<\/div>\n\t\t\t\t\t<\/figcaption>\n\t<\/figure>\n<\/article>\n\n\n\n<article class=\"post post-57822 dt_portfolio type-dt_portfolio status-publish has-post-thumbnail hentry dt_portfolio_category-formacion-tecnica dt_portfolio_category-guatemala dt_portfolio_category-89 dt_portfolio_category-243\">\n\n\t<figure class=\"rollover-project \">\n\t<a href=\"https:\/\/actec-ong.org\/es\/project\/escuela-de-enfermeria\/\" class=\"layzr-bg\" title=\"actec-proyectos-escuela-enfermeria-1\"  aria-label=\"Post image\"><img decoding=\"async\" class=\"preload-me lazy-load aspect\" src=\"data:image\/svg+xml,%3Csvg%20xmlns%3D&#39;http%3A%2F%2Fwww.w3.org%2F2000%2Fsvg&#39;%20viewBox%3D&#39;0%200%20282%20282&#39;%2F%3E\" data-src=\"https:\/\/actec-ong.org\/wp-content\/uploads\/2018\/02\/actec-proyectos-escuela-enfermeria-1-282x282.jpg\" data-srcset=\"https:\/\/actec-ong.org\/wp-content\/uploads\/2018\/02\/actec-proyectos-escuela-enfermeria-1-282x282.jpg 282w, https:\/\/actec-ong.org\/wp-content\/uploads\/2018\/02\/actec-proyectos-escuela-enfermeria-1-564x564.jpg 564w\" loading=\"eager\" style=\"--ratio: 282 \/ 282\" sizes=\"(max-width: 282px) 100vw, 282px\" alt=\"\" width=\"282\" height=\"282\"  \/><\/a>\t\t<figcaption class=\"rollover-content\">\n\t\t<div class=\"links-container\"><a href=\"https:\/\/actec-ong.org\/wp-content\/uploads\/2018\/02\/actec-proyectos-escuela-enfermeria-1.jpg\" class=\"project-zoom dt-pswp-item dt-single-pswp-popup\" title=\"actec-proyectos-escuela-enfermeria-1\" data-dt-img-description=\"\" data-large_image_width=\"1600\" data-large_image_height=\"800\" aria-label=\"Portfolio zoom icon\">Lupa<\/a><a href=\"https:\/\/actec-ong.org\/es\/project\/escuela-de-enfermeria\/\" class=\"project-details\">Detalles<\/a><\/div>\t\t\t\t<div class=\"rollover-content-container\">\n\t\t\t<h3 class=\"entry-title\"><a href=\"https:\/\/actec-ong.org\/es\/project\/escuela-de-enfermeria\/\" title=\"Escuela de enfermer\u00eda\" rel=\"bookmark\">Escuela de enfermer\u00eda<\/a><\/h3><div class=\"entry-meta portfolio-categories\"><span class=\"category-link\"><a href=\"https:\/\/actec-ong.org\/es\/project-category\/formacion-tecnica\/\" >Formaci\u00f3n T\u00e9cnica<\/a>, <a href=\"https:\/\/actec-ong.org\/es\/project-category\/guatemala\/\" >Guatemala<\/a><\/span><\/div>\t\t<\/div>\n\t\t\t\t\t<\/figcaption>\n\t<\/figure>\n<\/article>\n\n\n\n<article class=\"post post-57662 dt_portfolio type-dt_portfolio status-publish has-post-thumbnail hentry dt_portfolio_category-formacion-tecnica dt_portfolio_category-rd-congo dt_portfolio_category-89 dt_portfolio_category-239\">\n\n\t<figure class=\"rollover-project \">\n\t<a href=\"https:\/\/actec-ong.org\/es\/project\/master-tech-in-congo\/\" class=\"layzr-bg\" title=\"actec-proyectos-master-tech-1\"  aria-label=\"Post image\"><img decoding=\"async\" class=\"preload-me lazy-load aspect\" src=\"data:image\/svg+xml,%3Csvg%20xmlns%3D&#39;http%3A%2F%2Fwww.w3.org%2F2000%2Fsvg&#39;%20viewBox%3D&#39;0%200%20282%20282&#39;%2F%3E\" data-src=\"https:\/\/actec-ong.org\/wp-content\/uploads\/2018\/02\/actec-proyectos-master-tech-1-282x282.jpg\" data-srcset=\"https:\/\/actec-ong.org\/wp-content\/uploads\/2018\/02\/actec-proyectos-master-tech-1-282x282.jpg 282w, https:\/\/actec-ong.org\/wp-content\/uploads\/2018\/02\/actec-proyectos-master-tech-1-564x564.jpg 564w\" loading=\"eager\" style=\"--ratio: 282 \/ 282\" sizes=\"(max-width: 282px) 100vw, 282px\" alt=\"\" width=\"282\" height=\"282\"  \/><\/a>\t\t<figcaption class=\"rollover-content\">\n\t\t<div class=\"links-container\"><a href=\"https:\/\/actec-ong.org\/wp-content\/uploads\/2018\/02\/actec-proyectos-master-tech-1.jpg\" class=\"project-zoom dt-pswp-item dt-single-pswp-popup\" title=\"actec-proyectos-master-tech-1\" data-dt-img-description=\"\" data-large_image_width=\"1600\" data-large_image_height=\"800\" aria-label=\"Portfolio zoom icon\">Lupa<\/a><a href=\"https:\/\/actec-ong.org\/es\/project\/master-tech-in-congo\/\" class=\"project-details\">Detalles<\/a><\/div>\t\t\t\t<div class=\"rollover-content-container\">\n\t\t\t<h3 class=\"entry-title\"><a href=\"https:\/\/actec-ong.org\/es\/project\/master-tech-in-congo\/\" title=\"Master Tech in Congo\" rel=\"bookmark\">Master Tech in Congo<\/a><\/h3><div class=\"entry-meta portfolio-categories\"><span class=\"category-link\"><a href=\"https:\/\/actec-ong.org\/es\/project-category\/formacion-tecnica\/\" >Formaci\u00f3n T\u00e9cnica<\/a>, <a href=\"https:\/\/actec-ong.org\/es\/project-category\/rd-congo\/\" >RD Congo<\/a><\/span><\/div>\t\t<\/div>\n\t\t\t\t\t<\/figcaption>\n\t<\/figure>\n<\/article>\n\n\n\n<article class=\"post post-57924 dt_portfolio type-dt_portfolio status-publish has-post-thumbnail hentry dt_portfolio_category-formacion-tecnica dt_portfolio_category-guatemala dt_portfolio_category-89 dt_portfolio_category-243\">\n\n\t<figure class=\"rollover-project \">\n\t<a href=\"https:\/\/actec-ong.org\/es\/project\/kinal\/\" class=\"layzr-bg\" title=\"actec-proyectos-kinal-1\"  aria-label=\"Post image\"><img decoding=\"async\" class=\"preload-me lazy-load aspect\" src=\"data:image\/svg+xml,%3Csvg%20xmlns%3D&#39;http%3A%2F%2Fwww.w3.org%2F2000%2Fsvg&#39;%20viewBox%3D&#39;0%200%20282%20282&#39;%2F%3E\" data-src=\"https:\/\/actec-ong.org\/wp-content\/uploads\/2018\/02\/actec-proyectos-kinal-1-282x282.jpg\" data-srcset=\"https:\/\/actec-ong.org\/wp-content\/uploads\/2018\/02\/actec-proyectos-kinal-1-282x282.jpg 282w, https:\/\/actec-ong.org\/wp-content\/uploads\/2018\/02\/actec-proyectos-kinal-1-564x564.jpg 564w\" loading=\"eager\" style=\"--ratio: 282 \/ 282\" sizes=\"(max-width: 282px) 100vw, 282px\" alt=\"\" width=\"282\" height=\"282\"  \/><\/a>\t\t<figcaption class=\"rollover-content\">\n\t\t<div class=\"links-container\"><a href=\"https:\/\/actec-ong.org\/wp-content\/uploads\/2018\/02\/actec-proyectos-kinal-1.jpg\" class=\"project-zoom dt-pswp-item dt-single-pswp-popup\" title=\"actec-proyectos-kinal-1\" data-dt-img-description=\"\" data-large_image_width=\"1600\" data-large_image_height=\"800\" aria-label=\"Portfolio zoom icon\">Lupa<\/a><a href=\"https:\/\/actec-ong.org\/es\/project\/kinal\/\" class=\"project-details\">Detalles<\/a><\/div>\t\t\t\t<div class=\"rollover-content-container\">\n\t\t\t<h3 class=\"entry-title\"><a href=\"https:\/\/actec-ong.org\/es\/project\/kinal\/\" title=\"Kinal\" rel=\"bookmark\">Kinal<\/a><\/h3><div class=\"entry-meta portfolio-categories\"><span class=\"category-link\"><a href=\"https:\/\/actec-ong.org\/es\/project-category\/formacion-tecnica\/\" >Formaci\u00f3n T\u00e9cnica<\/a>, <a href=\"https:\/\/actec-ong.org\/es\/project-category\/guatemala\/\" >Guatemala<\/a><\/span><\/div>\t\t<\/div>\n\t\t\t\t\t<\/figcaption>\n\t<\/figure>\n<\/article>\n\n\n\n<article class=\"post post-58035 dt_portfolio type-dt_portfolio status-publish has-post-thumbnail hentry dt_portfolio_category-formacion-tecnica dt_portfolio_category-haiti dt_portfolio_category-89 dt_portfolio_category-245\">\n\n\t<figure class=\"rollover-project \">\n\t<a href=\"https:\/\/actec-ong.org\/es\/project\/reconstruir-haiti\/\" class=\"layzr-bg\" title=\"actec-proyectos-reconstruir-haiti-1\"  aria-label=\"Post image\"><img decoding=\"async\" class=\"preload-me lazy-load aspect\" src=\"data:image\/svg+xml,%3Csvg%20xmlns%3D&#39;http%3A%2F%2Fwww.w3.org%2F2000%2Fsvg&#39;%20viewBox%3D&#39;0%200%20282%20282&#39;%2F%3E\" data-src=\"https:\/\/actec-ong.org\/wp-content\/uploads\/2018\/02\/actec-proyectos-reconstruir-haiti-1-1-282x282.jpg\" data-srcset=\"https:\/\/actec-ong.org\/wp-content\/uploads\/2018\/02\/actec-proyectos-reconstruir-haiti-1-1-282x282.jpg 282w, https:\/\/actec-ong.org\/wp-content\/uploads\/2018\/02\/actec-proyectos-reconstruir-haiti-1-1-564x564.jpg 564w\" loading=\"eager\" style=\"--ratio: 282 \/ 282\" sizes=\"(max-width: 282px) 100vw, 282px\" alt=\"\" width=\"282\" height=\"282\"  \/><\/a>\t\t<figcaption class=\"rollover-content\">\n\t\t<div class=\"links-container\"><a href=\"https:\/\/actec-ong.org\/wp-content\/uploads\/2018\/02\/actec-proyectos-reconstruir-haiti-1-1.jpg\" class=\"project-zoom dt-pswp-item dt-single-pswp-popup\" title=\"actec-proyectos-reconstruir-haiti-1\" data-dt-img-description=\"\" data-large_image_width=\"1600\" data-large_image_height=\"800\" aria-label=\"Portfolio zoom icon\">Lupa<\/a><a href=\"https:\/\/actec-ong.org\/es\/project\/reconstruir-haiti\/\" class=\"project-details\">Detalles<\/a><\/div>\t\t\t\t<div class=\"rollover-content-container\">\n\t\t\t<h3 class=\"entry-title\"><a href=\"https:\/\/actec-ong.org\/es\/project\/reconstruir-haiti\/\" title=\"Reconstruir Hait\u00ed\" rel=\"bookmark\">Reconstruir Hait\u00ed<\/a><\/h3><div class=\"entry-meta portfolio-categories\"><span class=\"category-link\"><a href=\"https:\/\/actec-ong.org\/es\/project-category\/formacion-tecnica\/\" >Formaci\u00f3n T\u00e9cnica<\/a>, <a href=\"https:\/\/actec-ong.org\/es\/project-category\/haiti\/\" >Hait\u00ed<\/a><\/span><\/div>\t\t<\/div>\n\t\t\t\t\t<\/figcaption>\n\t<\/figure>\n<\/article>\n\n\n\n<article class=\"post post-57692 dt_portfolio type-dt_portfolio status-publish has-post-thumbnail hentry dt_portfolio_category-camerun dt_portfolio_category-formacion-tecnica dt_portfolio_category-240 dt_portfolio_category-89\">\n\n\t<figure class=\"rollover-project \">\n\t<a href=\"https:\/\/actec-ong.org\/es\/project\/bafoussam-empowerment\/\" class=\"layzr-bg\" title=\"actec-proyectos-bafoussam-empowerment-1\"  aria-label=\"Post image\"><img decoding=\"async\" class=\"preload-me lazy-load aspect\" src=\"data:image\/svg+xml,%3Csvg%20xmlns%3D&#39;http%3A%2F%2Fwww.w3.org%2F2000%2Fsvg&#39;%20viewBox%3D&#39;0%200%20282%20282&#39;%2F%3E\" data-src=\"https:\/\/actec-ong.org\/wp-content\/uploads\/2018\/02\/actec-proyectos-bafoussam-empowerment-1-282x282.jpg\" data-srcset=\"https:\/\/actec-ong.org\/wp-content\/uploads\/2018\/02\/actec-proyectos-bafoussam-empowerment-1-282x282.jpg 282w, https:\/\/actec-ong.org\/wp-content\/uploads\/2018\/02\/actec-proyectos-bafoussam-empowerment-1-564x564.jpg 564w\" loading=\"eager\" style=\"--ratio: 282 \/ 282\" sizes=\"(max-width: 282px) 100vw, 282px\" alt=\"\" width=\"282\" height=\"282\"  \/><\/a>\t\t<figcaption class=\"rollover-content\">\n\t\t<div class=\"links-container\"><a href=\"https:\/\/actec-ong.org\/wp-content\/uploads\/2018\/02\/actec-proyectos-bafoussam-empowerment-1.jpg\" class=\"project-zoom dt-pswp-item dt-single-pswp-popup\" title=\"actec-proyectos-bafoussam-empowerment-1\" data-dt-img-description=\"\" data-large_image_width=\"1600\" data-large_image_height=\"800\" aria-label=\"Portfolio zoom icon\">Lupa<\/a><a href=\"https:\/\/actec-ong.org\/es\/project\/bafoussam-empowerment\/\" class=\"project-details\">Detalles<\/a><\/div>\t\t\t\t<div class=\"rollover-content-container\">\n\t\t\t<h3 class=\"entry-title\"><a href=\"https:\/\/actec-ong.org\/es\/project\/bafoussam-empowerment\/\" title=\"Bafoussam Empowerment\" rel=\"bookmark\">Bafoussam Empowerment<\/a><\/h3><div class=\"entry-meta portfolio-categories\"><span class=\"category-link\"><a href=\"https:\/\/actec-ong.org\/es\/project-category\/camerun\/\" >Camer\u00fan<\/a>, <a href=\"https:\/\/actec-ong.org\/es\/project-category\/formacion-tecnica\/\" >Formaci\u00f3n T\u00e9cnica<\/a><\/span><\/div>\t\t<\/div>\n\t\t\t\t\t<\/figcaption>\n\t<\/figure>\n<\/article>\n\n\n\n<article class=\"post post-57630 dt_portfolio type-dt_portfolio status-publish has-post-thumbnail hentry dt_portfolio_category-formacion-tecnica dt_portfolio_category-rd-congo dt_portfolio_category-89 dt_portfolio_category-239\">\n\n\t<figure class=\"rollover-project \">\n\t<a href=\"https:\/\/actec-ong.org\/es\/project\/centre-hospitalier-mere-enfant\/\" class=\"layzr-bg\" title=\"actec-proyectos-mere-enfant-1\"  aria-label=\"Post image\"><img decoding=\"async\" class=\"preload-me lazy-load aspect\" src=\"data:image\/svg+xml,%3Csvg%20xmlns%3D&#39;http%3A%2F%2Fwww.w3.org%2F2000%2Fsvg&#39;%20viewBox%3D&#39;0%200%20282%20282&#39;%2F%3E\" data-src=\"https:\/\/actec-ong.org\/wp-content\/uploads\/2018\/02\/actec-proyectos-mere-enfant-1-282x282.jpg\" data-srcset=\"https:\/\/actec-ong.org\/wp-content\/uploads\/2018\/02\/actec-proyectos-mere-enfant-1-282x282.jpg 282w, https:\/\/actec-ong.org\/wp-content\/uploads\/2018\/02\/actec-proyectos-mere-enfant-1-564x564.jpg 564w\" loading=\"eager\" style=\"--ratio: 282 \/ 282\" sizes=\"(max-width: 282px) 100vw, 282px\" alt=\"\" width=\"282\" height=\"282\"  \/><\/a>\t\t<figcaption class=\"rollover-content\">\n\t\t<div class=\"links-container\"><a href=\"https:\/\/actec-ong.org\/wp-content\/uploads\/2018\/02\/actec-proyectos-mere-enfant-1.jpg\" class=\"project-zoom dt-pswp-item dt-single-pswp-popup\" title=\"actec-proyectos-mere-enfant-1\" data-dt-img-description=\"\" data-large_image_width=\"1600\" data-large_image_height=\"800\" aria-label=\"Portfolio zoom icon\">Lupa<\/a><a href=\"https:\/\/actec-ong.org\/es\/project\/centre-hospitalier-mere-enfant\/\" class=\"project-details\">Detalles<\/a><\/div>\t\t\t\t<div class=\"rollover-content-container\">\n\t\t\t<h3 class=\"entry-title\"><a href=\"https:\/\/actec-ong.org\/es\/project\/centre-hospitalier-mere-enfant\/\" title=\"Centre Hospitalier M\u00e8re &#038; Enfant\" rel=\"bookmark\">Centre Hospitalier M\u00e8re &#038; Enfant<\/a><\/h3><div class=\"entry-meta portfolio-categories\"><span class=\"category-link\"><a href=\"https:\/\/actec-ong.org\/es\/project-category\/formacion-tecnica\/\" >Formaci\u00f3n T\u00e9cnica<\/a>, <a href=\"https:\/\/actec-ong.org\/es\/project-category\/rd-congo\/\" >RD Congo<\/a><\/span><\/div>\t\t<\/div>\n\t\t\t\t\t<\/figcaption>\n\t<\/figure>\n<\/article>\n\n\n\n<article class=\"post post-57650 dt_portfolio type-dt_portfolio status-publish has-post-thumbnail hentry dt_portfolio_category-formacion-tecnica dt_portfolio_category-rd-congo dt_portfolio_category-89 dt_portfolio_category-239\">\n\n\t<figure class=\"rollover-project \">\n\t<a href=\"https:\/\/actec-ong.org\/es\/project\/applied-informatics-in-congo\/\" class=\"layzr-bg\" title=\"actec-proyectos-applied-informatics-1\"  aria-label=\"Post image\"><img decoding=\"async\" class=\"preload-me lazy-load aspect\" src=\"data:image\/svg+xml,%3Csvg%20xmlns%3D&#39;http%3A%2F%2Fwww.w3.org%2F2000%2Fsvg&#39;%20viewBox%3D&#39;0%200%20282%20282&#39;%2F%3E\" data-src=\"https:\/\/actec-ong.org\/wp-content\/uploads\/2018\/02\/actec-proyectos-applied-informatics-1-282x282.jpg\" data-srcset=\"https:\/\/actec-ong.org\/wp-content\/uploads\/2018\/02\/actec-proyectos-applied-informatics-1-282x282.jpg 282w, https:\/\/actec-ong.org\/wp-content\/uploads\/2018\/02\/actec-proyectos-applied-informatics-1-564x564.jpg 564w\" loading=\"eager\" style=\"--ratio: 282 \/ 282\" sizes=\"(max-width: 282px) 100vw, 282px\" alt=\"\" width=\"282\" height=\"282\"  \/><\/a>\t\t<figcaption class=\"rollover-content\">\n\t\t<div class=\"links-container\"><a href=\"https:\/\/actec-ong.org\/wp-content\/uploads\/2018\/02\/actec-proyectos-applied-informatics-1.jpg\" class=\"project-zoom dt-pswp-item dt-single-pswp-popup\" title=\"actec-proyectos-applied-informatics-1\" data-dt-img-description=\"\" data-large_image_width=\"1600\" data-large_image_height=\"800\" aria-label=\"Portfolio zoom icon\">Lupa<\/a><a href=\"https:\/\/actec-ong.org\/es\/project\/applied-informatics-in-congo\/\" class=\"project-details\">Detalles<\/a><\/div>\t\t\t\t<div class=\"rollover-content-container\">\n\t\t\t<h3 class=\"entry-title\"><a href=\"https:\/\/actec-ong.org\/es\/project\/applied-informatics-in-congo\/\" title=\"Applied informatics in Congo\" rel=\"bookmark\">Applied informatics in Congo<\/a><\/h3><div class=\"entry-meta portfolio-categories\"><span class=\"category-link\"><a href=\"https:\/\/actec-ong.org\/es\/project-category\/formacion-tecnica\/\" >Formaci\u00f3n T\u00e9cnica<\/a>, <a href=\"https:\/\/actec-ong.org\/es\/project-category\/rd-congo\/\" >RD Congo<\/a><\/span><\/div>\t\t<\/div>\n\t\t\t\t\t<\/figcaption>\n\t<\/figure>\n<\/article>\n\n\n\n<article class=\"post post-58259 dt_portfolio type-dt_portfolio status-publish has-post-thumbnail hentry dt_portfolio_category-ecuador dt_portfolio_category-formacion-tecnica dt_portfolio_category-248 dt_portfolio_category-89\">\n\n\t<figure class=\"rollover-project \">\n\t<a href=\"https:\/\/actec-ong.org\/es\/project\/master-tech-guayaco\/\" class=\"layzr-bg\" title=\"actec-proyectos-master-tech-guayaco-1\"  aria-label=\"Post image\"><img decoding=\"async\" class=\"preload-me lazy-load aspect\" src=\"data:image\/svg+xml,%3Csvg%20xmlns%3D&#39;http%3A%2F%2Fwww.w3.org%2F2000%2Fsvg&#39;%20viewBox%3D&#39;0%200%20282%20282&#39;%2F%3E\" data-src=\"https:\/\/actec-ong.org\/wp-content\/uploads\/2018\/02\/actec-proyectos-master-tech-guayaco-1-282x282.jpg\" data-srcset=\"https:\/\/actec-ong.org\/wp-content\/uploads\/2018\/02\/actec-proyectos-master-tech-guayaco-1-282x282.jpg 282w, https:\/\/actec-ong.org\/wp-content\/uploads\/2018\/02\/actec-proyectos-master-tech-guayaco-1-564x564.jpg 564w\" loading=\"eager\" style=\"--ratio: 282 \/ 282\" sizes=\"(max-width: 282px) 100vw, 282px\" alt=\"\" width=\"282\" height=\"282\"  \/><\/a>\t\t<figcaption class=\"rollover-content\">\n\t\t<div class=\"links-container\"><a href=\"https:\/\/actec-ong.org\/wp-content\/uploads\/2018\/02\/actec-proyectos-master-tech-guayaco-1.jpg\" class=\"project-zoom dt-pswp-item dt-single-pswp-popup\" title=\"actec-proyectos-master-tech-guayaco-1\" data-dt-img-description=\"\" data-large_image_width=\"1600\" data-large_image_height=\"800\" aria-label=\"Portfolio zoom icon\">Lupa<\/a><a href=\"https:\/\/actec-ong.org\/es\/project\/master-tech-guayaco\/\" class=\"project-details\">Detalles<\/a><\/div>\t\t\t\t<div class=\"rollover-content-container\">\n\t\t\t<h3 class=\"entry-title\"><a href=\"https:\/\/actec-ong.org\/es\/project\/master-tech-guayaco\/\" title=\"Master Tech Guayaco\" rel=\"bookmark\">Master Tech Guayaco<\/a><\/h3><div class=\"entry-meta portfolio-categories\"><span class=\"category-link\"><a href=\"https:\/\/actec-ong.org\/es\/project-category\/ecuador\/\" >Ecuador<\/a>, <a href=\"https:\/\/actec-ong.org\/es\/project-category\/formacion-tecnica\/\" >Formaci\u00f3n T\u00e9cnica<\/a><\/span><\/div>\t\t<\/div>\n\t\t\t\t\t<\/figcaption>\n\t<\/figure>\n<\/article>\n\n\n\n<article class=\"post post-57582 dt_portfolio type-dt_portfolio status-publish has-post-thumbnail hentry dt_portfolio_category-formacion-tecnica dt_portfolio_category-libano dt_portfolio_category-89 dt_portfolio_category-237\">\n\n\t<figure class=\"rollover-project \">\n\t<a href=\"https:\/\/actec-ong.org\/es\/project\/escuela-hotelera\/\" class=\"layzr-bg\" title=\"actec-proyectos-ecole-hoteliere-1\"  aria-label=\"Post image\"><img decoding=\"async\" class=\"preload-me lazy-load aspect\" src=\"data:image\/svg+xml,%3Csvg%20xmlns%3D&#39;http%3A%2F%2Fwww.w3.org%2F2000%2Fsvg&#39;%20viewBox%3D&#39;0%200%20282%20282&#39;%2F%3E\" data-src=\"https:\/\/actec-ong.org\/wp-content\/uploads\/2018\/02\/actec-proyectos-ecole-hoteliere-1-282x282.jpg\" data-srcset=\"https:\/\/actec-ong.org\/wp-content\/uploads\/2018\/02\/actec-proyectos-ecole-hoteliere-1-282x282.jpg 282w, https:\/\/actec-ong.org\/wp-content\/uploads\/2018\/02\/actec-proyectos-ecole-hoteliere-1-564x564.jpg 564w\" loading=\"eager\" style=\"--ratio: 282 \/ 282\" sizes=\"(max-width: 282px) 100vw, 282px\" alt=\"\" width=\"282\" height=\"282\"  \/><\/a>\t\t<figcaption class=\"rollover-content\">\n\t\t<div class=\"links-container\"><a href=\"https:\/\/actec-ong.org\/wp-content\/uploads\/2018\/02\/actec-proyectos-ecole-hoteliere-1.jpg\" class=\"project-zoom dt-pswp-item dt-single-pswp-popup\" title=\"actec-proyectos-ecole-hoteliere-1\" data-dt-img-description=\"\" data-large_image_width=\"1600\" data-large_image_height=\"800\" aria-label=\"Portfolio zoom icon\">Lupa<\/a><a href=\"https:\/\/actec-ong.org\/es\/project\/escuela-hotelera\/\" class=\"project-details\">Detalles<\/a><\/div>\t\t\t\t<div class=\"rollover-content-container\">\n\t\t\t<h3 class=\"entry-title\"><a href=\"https:\/\/actec-ong.org\/es\/project\/escuela-hotelera\/\" title=\"Escuela hotelera\" rel=\"bookmark\">Escuela hotelera<\/a><\/h3><div class=\"entry-meta portfolio-categories\"><span class=\"category-link\"><a href=\"https:\/\/actec-ong.org\/es\/project-category\/formacion-tecnica\/\" >Formaci\u00f3n T\u00e9cnica<\/a>, <a href=\"https:\/\/actec-ong.org\/es\/project-category\/libano\/\" >L\u00edbano<\/a><\/span><\/div>\t\t<\/div>\n\t\t\t\t\t<\/figcaption>\n\t<\/figure>\n<\/article>\n\n\n\n<article class=\"post post-57757 dt_portfolio type-dt_portfolio status-publish has-post-thumbnail hentry dt_portfolio_category-burundi dt_portfolio_category-formacion-tecnica dt_portfolio_category-242 dt_portfolio_category-89\">\n\n\t<figure class=\"rollover-project \">\n\t<a href=\"https:\/\/actec-ong.org\/es\/project\/les-infirmiers-de-demain\/\" class=\"layzr-bg\" title=\"actec-proyectos-infirmiers-de-demain-1\"  aria-label=\"Post image\"><img decoding=\"async\" class=\"preload-me lazy-load aspect\" src=\"data:image\/svg+xml,%3Csvg%20xmlns%3D&#39;http%3A%2F%2Fwww.w3.org%2F2000%2Fsvg&#39;%20viewBox%3D&#39;0%200%20282%20282&#39;%2F%3E\" data-src=\"https:\/\/actec-ong.org\/wp-content\/uploads\/2018\/02\/actec-proyectos-infirmiers-de-demain-1-282x282.jpg\" data-srcset=\"https:\/\/actec-ong.org\/wp-content\/uploads\/2018\/02\/actec-proyectos-infirmiers-de-demain-1-282x282.jpg 282w, https:\/\/actec-ong.org\/wp-content\/uploads\/2018\/02\/actec-proyectos-infirmiers-de-demain-1-564x564.jpg 564w\" loading=\"eager\" style=\"--ratio: 282 \/ 282\" sizes=\"(max-width: 282px) 100vw, 282px\" alt=\"\" width=\"282\" height=\"282\"  \/><\/a>\t\t<figcaption class=\"rollover-content\">\n\t\t<div class=\"links-container\"><a href=\"https:\/\/actec-ong.org\/wp-content\/uploads\/2018\/02\/actec-proyectos-infirmiers-de-demain-1.jpg\" class=\"project-zoom dt-pswp-item dt-single-pswp-popup\" title=\"actec-proyectos-infirmiers-de-demain-1\" data-dt-img-description=\"\" data-large_image_width=\"1600\" data-large_image_height=\"800\" aria-label=\"Portfolio zoom icon\">Lupa<\/a><a href=\"https:\/\/actec-ong.org\/es\/project\/les-infirmiers-de-demain\/\" class=\"project-details\">Detalles<\/a><\/div>\t\t\t\t<div class=\"rollover-content-container\">\n\t\t\t<h3 class=\"entry-title\"><a href=\"https:\/\/actec-ong.org\/es\/project\/les-infirmiers-de-demain\/\" title=\"Les infirmiers de demain\" rel=\"bookmark\">Les infirmiers de demain<\/a><\/h3><div class=\"entry-meta portfolio-categories\"><span class=\"category-link\"><a href=\"https:\/\/actec-ong.org\/es\/project-category\/burundi\/\" >Burundi<\/a>, <a href=\"https:\/\/actec-ong.org\/es\/project-category\/formacion-tecnica\/\" >Formaci\u00f3n T\u00e9cnica<\/a><\/span><\/div>\t\t<\/div>\n\t\t\t\t\t<\/figcaption>\n\t<\/figure>\n<\/article>\n\n\n\n<article class=\"post post-58215 dt_portfolio type-dt_portfolio status-publish has-post-thumbnail hentry dt_portfolio_category-colombia dt_portfolio_category-formacion-tecnica dt_portfolio_category-246 dt_portfolio_category-89\">\n\n\t<figure class=\"rollover-project \">\n\t<a href=\"https:\/\/actec-ong.org\/es\/project\/ladera-de-cali\/\" class=\"layzr-bg\" title=\"actec-proyectos-ladera-cali-1\"  aria-label=\"Post image\"><img decoding=\"async\" class=\"preload-me lazy-load aspect\" src=\"data:image\/svg+xml,%3Csvg%20xmlns%3D&#39;http%3A%2F%2Fwww.w3.org%2F2000%2Fsvg&#39;%20viewBox%3D&#39;0%200%20282%20282&#39;%2F%3E\" data-src=\"https:\/\/actec-ong.org\/wp-content\/uploads\/2018\/02\/actec-proyectos-ladera-cali-1-282x282.jpg\" data-srcset=\"https:\/\/actec-ong.org\/wp-content\/uploads\/2018\/02\/actec-proyectos-ladera-cali-1-282x282.jpg 282w, https:\/\/actec-ong.org\/wp-content\/uploads\/2018\/02\/actec-proyectos-ladera-cali-1-564x564.jpg 564w\" loading=\"eager\" style=\"--ratio: 282 \/ 282\" sizes=\"(max-width: 282px) 100vw, 282px\" alt=\"\" width=\"282\" height=\"282\"  \/><\/a>\t\t<figcaption class=\"rollover-content\">\n\t\t<div class=\"links-container\"><a href=\"https:\/\/actec-ong.org\/wp-content\/uploads\/2018\/02\/actec-proyectos-ladera-cali-1.jpg\" class=\"project-zoom dt-pswp-item dt-single-pswp-popup\" title=\"actec-proyectos-ladera-cali-1\" data-dt-img-description=\"\" data-large_image_width=\"1600\" data-large_image_height=\"800\" aria-label=\"Portfolio zoom icon\">Lupa<\/a><a href=\"https:\/\/actec-ong.org\/es\/project\/ladera-de-cali\/\" class=\"project-details\">Detalles<\/a><\/div>\t\t\t\t<div class=\"rollover-content-container\">\n\t\t\t<h3 class=\"entry-title\"><a href=\"https:\/\/actec-ong.org\/es\/project\/ladera-de-cali\/\" title=\"Ladera de Cali\" rel=\"bookmark\">Ladera de Cali<\/a><\/h3><div class=\"entry-meta portfolio-categories\"><span class=\"category-link\"><a href=\"https:\/\/actec-ong.org\/es\/project-category\/colombia\/\" >Colombia<\/a>, <a href=\"https:\/\/actec-ong.org\/es\/project-category\/formacion-tecnica\/\" >Formaci\u00f3n T\u00e9cnica<\/a><\/span><\/div>\t\t<\/div>\n\t\t\t\t\t<\/figcaption>\n\t<\/figure>\n<\/article>\n\n\n\n<article class=\"post post-58261 dt_portfolio type-dt_portfolio status-publish has-post-thumbnail hentry dt_portfolio_category-formacion-tecnica dt_portfolio_category-peru dt_portfolio_category-89 dt_portfolio_category-249\">\n\n\t<figure class=\"rollover-project \">\n\t<a href=\"https:\/\/actec-ong.org\/es\/project\/sembrador-de-competencias\/\" class=\"layzr-bg\" title=\"actec-proyectos-sembrador-competencias-1\"  aria-label=\"Post image\"><img decoding=\"async\" class=\"preload-me lazy-load aspect\" src=\"data:image\/svg+xml,%3Csvg%20xmlns%3D&#39;http%3A%2F%2Fwww.w3.org%2F2000%2Fsvg&#39;%20viewBox%3D&#39;0%200%20282%20282&#39;%2F%3E\" data-src=\"https:\/\/actec-ong.org\/wp-content\/uploads\/2018\/02\/actec-proyectos-sembrador-competencias-1-282x282.jpg\" data-srcset=\"https:\/\/actec-ong.org\/wp-content\/uploads\/2018\/02\/actec-proyectos-sembrador-competencias-1-282x282.jpg 282w, https:\/\/actec-ong.org\/wp-content\/uploads\/2018\/02\/actec-proyectos-sembrador-competencias-1-564x564.jpg 564w\" loading=\"eager\" style=\"--ratio: 282 \/ 282\" sizes=\"(max-width: 282px) 100vw, 282px\" alt=\"\" width=\"282\" height=\"282\"  \/><\/a>\t\t<figcaption class=\"rollover-content\">\n\t\t<div class=\"links-container\"><a href=\"https:\/\/actec-ong.org\/wp-content\/uploads\/2018\/02\/actec-proyectos-sembrador-competencias-1.jpg\" class=\"project-zoom dt-pswp-item dt-single-pswp-popup\" title=\"actec-proyectos-sembrador-competencias-1\" data-dt-img-description=\"\" data-large_image_width=\"1600\" data-large_image_height=\"800\" aria-label=\"Portfolio zoom icon\">Lupa<\/a><a href=\"https:\/\/actec-ong.org\/es\/project\/sembrador-de-competencias\/\" class=\"project-details\">Detalles<\/a><\/div>\t\t\t\t<div class=\"rollover-content-container\">\n\t\t\t<h3 class=\"entry-title\"><a href=\"https:\/\/actec-ong.org\/es\/project\/sembrador-de-competencias\/\" title=\"Sembrador de competencias\" rel=\"bookmark\">Sembrador de competencias<\/a><\/h3><div class=\"entry-meta portfolio-categories\"><span class=\"category-link\"><a href=\"https:\/\/actec-ong.org\/es\/project-category\/formacion-tecnica\/\" >Formaci\u00f3n T\u00e9cnica<\/a>, <a href=\"https:\/\/actec-ong.org\/es\/project-category\/peru\/\" >Per\u00fa<\/a><\/span><\/div>\t\t<\/div>\n\t\t\t\t\t<\/figcaption>\n\t<\/figure>\n<\/article>\n\n\n\n<article class=\"post post-57608 dt_portfolio type-dt_portfolio status-publish has-post-thumbnail hentry dt_portfolio_category-formacion-tecnica dt_portfolio_category-rd-congo dt_portfolio_category-89 dt_portfolio_category-239\">\n\n\t<figure class=\"rollover-project \">\n\t<a href=\"https:\/\/actec-ong.org\/es\/project\/upgrading-lab-skills\/\" class=\"layzr-bg\" title=\"actec-proyectos-upgrading-lab-skills-1\"  aria-label=\"Post image\"><img decoding=\"async\" class=\"preload-me lazy-load aspect\" src=\"data:image\/svg+xml,%3Csvg%20xmlns%3D&#39;http%3A%2F%2Fwww.w3.org%2F2000%2Fsvg&#39;%20viewBox%3D&#39;0%200%20282%20282&#39;%2F%3E\" data-src=\"https:\/\/actec-ong.org\/wp-content\/uploads\/2018\/02\/actec-proyectos-upgrading-lab-skills-1-282x282.jpg\" data-srcset=\"https:\/\/actec-ong.org\/wp-content\/uploads\/2018\/02\/actec-proyectos-upgrading-lab-skills-1-282x282.jpg 282w, https:\/\/actec-ong.org\/wp-content\/uploads\/2018\/02\/actec-proyectos-upgrading-lab-skills-1-564x564.jpg 564w\" loading=\"eager\" style=\"--ratio: 282 \/ 282\" sizes=\"(max-width: 282px) 100vw, 282px\" alt=\"\" width=\"282\" height=\"282\"  \/><\/a>\t\t<figcaption class=\"rollover-content\">\n\t\t<div class=\"links-container\"><a href=\"https:\/\/actec-ong.org\/wp-content\/uploads\/2018\/02\/actec-proyectos-upgrading-lab-skills-1.jpg\" class=\"project-zoom dt-pswp-item dt-single-pswp-popup\" title=\"actec-proyectos-upgrading-lab-skills-1\" data-dt-img-description=\"\" data-large_image_width=\"1600\" data-large_image_height=\"800\" aria-label=\"Portfolio zoom icon\">Lupa<\/a><a href=\"https:\/\/actec-ong.org\/es\/project\/upgrading-lab-skills\/\" class=\"project-details\">Detalles<\/a><\/div>\t\t\t\t<div class=\"rollover-content-container\">\n\t\t\t<h3 class=\"entry-title\"><a href=\"https:\/\/actec-ong.org\/es\/project\/upgrading-lab-skills\/\" title=\"Upgrading lab skills\" rel=\"bookmark\">Upgrading lab skills<\/a><\/h3><div class=\"entry-meta portfolio-categories\"><span class=\"category-link\"><a href=\"https:\/\/actec-ong.org\/es\/project-category\/formacion-tecnica\/\" >Formaci\u00f3n T\u00e9cnica<\/a>, <a href=\"https:\/\/actec-ong.org\/es\/project-category\/rd-congo\/\" >RD Congo<\/a><\/span><\/div>\t\t<\/div>\n\t\t\t\t\t<\/figcaption>\n\t<\/figure>\n<\/article>\n\n\n\n<article class=\"post post-57780 dt_portfolio type-dt_portfolio status-publish has-post-thumbnail hentry dt_portfolio_category-formacion-tecnica dt_portfolio_category-kenia dt_portfolio_category-89 dt_portfolio_category-241\">\n\n\t<figure class=\"rollover-project \">\n\t<a href=\"https:\/\/actec-ong.org\/es\/project\/kibondeni-college\/\" class=\"layzr-bg\" title=\"actec-proyectos-kibondeni-1\"  aria-label=\"Post image\"><img decoding=\"async\" class=\"preload-me lazy-load aspect\" src=\"data:image\/svg+xml,%3Csvg%20xmlns%3D&#39;http%3A%2F%2Fwww.w3.org%2F2000%2Fsvg&#39;%20viewBox%3D&#39;0%200%20282%20282&#39;%2F%3E\" data-src=\"https:\/\/actec-ong.org\/wp-content\/uploads\/2018\/02\/actec-proyectos-kibondeni-1-282x282.jpg\" data-srcset=\"https:\/\/actec-ong.org\/wp-content\/uploads\/2018\/02\/actec-proyectos-kibondeni-1-282x282.jpg 282w, https:\/\/actec-ong.org\/wp-content\/uploads\/2018\/02\/actec-proyectos-kibondeni-1-564x564.jpg 564w\" loading=\"eager\" style=\"--ratio: 282 \/ 282\" sizes=\"(max-width: 282px) 100vw, 282px\" alt=\"\" width=\"282\" height=\"282\"  \/><\/a>\t\t<figcaption class=\"rollover-content\">\n\t\t<div class=\"links-container\"><a href=\"https:\/\/actec-ong.org\/wp-content\/uploads\/2018\/02\/actec-proyectos-kibondeni-1.jpg\" class=\"project-zoom dt-pswp-item dt-single-pswp-popup\" title=\"actec-proyectos-kibondeni-1\" data-dt-img-description=\"\" data-large_image_width=\"1600\" data-large_image_height=\"800\" aria-label=\"Portfolio zoom icon\">Lupa<\/a><a href=\"https:\/\/actec-ong.org\/es\/project\/kibondeni-college\/\" class=\"project-details\">Detalles<\/a><\/div>\t\t\t\t<div class=\"rollover-content-container\">\n\t\t\t<h3 class=\"entry-title\"><a href=\"https:\/\/actec-ong.org\/es\/project\/kibondeni-college\/\" title=\"Kibondeni College\" rel=\"bookmark\">Kibondeni College<\/a><\/h3><div class=\"entry-meta portfolio-categories\"><span class=\"category-link\"><a href=\"https:\/\/actec-ong.org\/es\/project-category\/formacion-tecnica\/\" >Formaci\u00f3n T\u00e9cnica<\/a>, <a href=\"https:\/\/actec-ong.org\/es\/project-category\/kenia\/\" >Kenia<\/a><\/span><\/div>\t\t<\/div>\n\t\t\t\t\t<\/figcaption>\n\t<\/figure>\n<\/article>\n\n\n\n<article class=\"post post-13454 dt_portfolio type-dt_portfolio status-publish has-post-thumbnail hentry dt_portfolio_category-formacion-tecnica dt_portfolio_category-libano dt_portfolio_category-89 dt_portfolio_category-237\">\n\n\t<figure class=\"rollover-project \">\n\t<a href=\"https:\/\/actec-ong.org\/es\/project\/le-village\/\" class=\"layzr-bg\" title=\"actec-proyectos-le-village-1\"  aria-label=\"Post image\"><img decoding=\"async\" class=\"preload-me lazy-load aspect\" src=\"data:image\/svg+xml,%3Csvg%20xmlns%3D&#39;http%3A%2F%2Fwww.w3.org%2F2000%2Fsvg&#39;%20viewBox%3D&#39;0%200%20282%20282&#39;%2F%3E\" data-src=\"https:\/\/actec-ong.org\/wp-content\/uploads\/2013\/06\/actec-proyectos-le-village-1-282x282.jpg\" data-srcset=\"https:\/\/actec-ong.org\/wp-content\/uploads\/2013\/06\/actec-proyectos-le-village-1-282x282.jpg 282w, https:\/\/actec-ong.org\/wp-content\/uploads\/2013\/06\/actec-proyectos-le-village-1-564x564.jpg 564w\" loading=\"eager\" style=\"--ratio: 282 \/ 282\" sizes=\"(max-width: 282px) 100vw, 282px\" alt=\"\" width=\"282\" height=\"282\"  \/><\/a>\t\t<figcaption class=\"rollover-content\">\n\t\t<div class=\"links-container\"><a href=\"https:\/\/actec-ong.org\/wp-content\/uploads\/2013\/06\/actec-proyectos-le-village-1.jpg\" class=\"project-zoom dt-pswp-item dt-single-pswp-popup\" title=\"actec-proyectos-le-village-1\" data-dt-img-description=\"\" data-large_image_width=\"1600\" data-large_image_height=\"800\" aria-label=\"Portfolio zoom icon\">Lupa<\/a><a href=\"https:\/\/actec-ong.org\/es\/project\/le-village\/\" class=\"project-details\">Detalles<\/a><\/div>\t\t\t\t<div class=\"rollover-content-container\">\n\t\t\t<h3 class=\"entry-title\"><a href=\"https:\/\/actec-ong.org\/es\/project\/le-village\/\" title=\"Le Village\" rel=\"bookmark\">Le Village<\/a><\/h3><div class=\"entry-meta portfolio-categories\"><span class=\"category-link\"><a href=\"https:\/\/actec-ong.org\/es\/project-category\/formacion-tecnica\/\" >Formaci\u00f3n T\u00e9cnica<\/a>, <a href=\"https:\/\/actec-ong.org\/es\/project-category\/libano\/\" >L\u00edbano<\/a><\/span><\/div>\t\t<\/div>\n\t\t\t\t\t<\/figcaption>\n\t<\/figure>\n<\/article>\n\n\n\n<article class=\"post post-57768 dt_portfolio type-dt_portfolio status-publish has-post-thumbnail hentry dt_portfolio_category-burundi dt_portfolio_category-formacion-tecnica dt_portfolio_category-242 dt_portfolio_category-89\">\n\n\t<figure class=\"rollover-project \">\n\t<a href=\"https:\/\/actec-ong.org\/es\/project\/lintelligence-des-mains\/\" class=\"layzr-bg\" title=\"actec-proyectos-intelligence-des-mains-1\"  aria-label=\"Post image\"><img decoding=\"async\" class=\"preload-me lazy-load aspect\" src=\"data:image\/svg+xml,%3Csvg%20xmlns%3D&#39;http%3A%2F%2Fwww.w3.org%2F2000%2Fsvg&#39;%20viewBox%3D&#39;0%200%20282%20282&#39;%2F%3E\" data-src=\"https:\/\/actec-ong.org\/wp-content\/uploads\/2018\/02\/actec-proyectos-intelligence-des-mains-1-282x282.jpg\" data-srcset=\"https:\/\/actec-ong.org\/wp-content\/uploads\/2018\/02\/actec-proyectos-intelligence-des-mains-1-282x282.jpg 282w, https:\/\/actec-ong.org\/wp-content\/uploads\/2018\/02\/actec-proyectos-intelligence-des-mains-1-564x564.jpg 564w\" loading=\"eager\" style=\"--ratio: 282 \/ 282\" sizes=\"(max-width: 282px) 100vw, 282px\" alt=\"\" width=\"282\" height=\"282\"  \/><\/a>\t\t<figcaption class=\"rollover-content\">\n\t\t<div class=\"links-container\"><a href=\"https:\/\/actec-ong.org\/wp-content\/uploads\/2018\/02\/actec-proyectos-intelligence-des-mains-1.jpg\" class=\"project-zoom dt-pswp-item dt-single-pswp-popup\" title=\"actec-proyectos-intelligence-des-mains-1\" data-dt-img-description=\"\" data-large_image_width=\"1600\" data-large_image_height=\"800\" aria-label=\"Portfolio zoom icon\">Lupa<\/a><a href=\"https:\/\/actec-ong.org\/es\/project\/lintelligence-des-mains\/\" class=\"project-details\">Detalles<\/a><\/div>\t\t\t\t<div class=\"rollover-content-container\">\n\t\t\t<h3 class=\"entry-title\"><a href=\"https:\/\/actec-ong.org\/es\/project\/lintelligence-des-mains\/\" title=\"L&#8217;intelligence des mains\" rel=\"bookmark\">L&#8217;intelligence des mains<\/a><\/h3><div class=\"entry-meta portfolio-categories\"><span class=\"category-link\"><a href=\"https:\/\/actec-ong.org\/es\/project-category\/burundi\/\" >Burundi<\/a>, <a href=\"https:\/\/actec-ong.org\/es\/project-category\/formacion-tecnica\/\" >Formaci\u00f3n T\u00e9cnica<\/a><\/span><\/div>\t\t<\/div>\n\t\t\t\t\t<\/figcaption>\n\t<\/figure>\n<\/article>\n\n\n\n<article class=\"post post-57579 dt_portfolio type-dt_portfolio status-publish has-post-thumbnail hentry dt_portfolio_category-formacion-tecnica dt_portfolio_category-libano dt_portfolio_category-89 dt_portfolio_category-237\">\n\n\t<figure class=\"rollover-project \">\n\t<a href=\"https:\/\/actec-ong.org\/es\/project\/parc-metier-emploi\/\" class=\"layzr-bg\" title=\"actec-proyectos-parc-metier-1\"  aria-label=\"Post image\"><img decoding=\"async\" class=\"preload-me lazy-load aspect\" src=\"data:image\/svg+xml,%3Csvg%20xmlns%3D&#39;http%3A%2F%2Fwww.w3.org%2F2000%2Fsvg&#39;%20viewBox%3D&#39;0%200%20282%20282&#39;%2F%3E\" data-src=\"https:\/\/actec-ong.org\/wp-content\/uploads\/2018\/02\/actec-proyectos-parc-metier-1-282x282.jpg\" data-srcset=\"https:\/\/actec-ong.org\/wp-content\/uploads\/2018\/02\/actec-proyectos-parc-metier-1-282x282.jpg 282w, https:\/\/actec-ong.org\/wp-content\/uploads\/2018\/02\/actec-proyectos-parc-metier-1-564x564.jpg 564w\" loading=\"eager\" style=\"--ratio: 282 \/ 282\" sizes=\"(max-width: 282px) 100vw, 282px\" alt=\"\" width=\"282\" height=\"282\"  \/><\/a>\t\t<figcaption class=\"rollover-content\">\n\t\t<div class=\"links-container\"><a href=\"https:\/\/actec-ong.org\/wp-content\/uploads\/2018\/02\/actec-proyectos-parc-metier-1.jpg\" class=\"project-zoom dt-pswp-item dt-single-pswp-popup\" title=\"actec-proyectos-parc-metier-1\" data-dt-img-description=\"\" data-large_image_width=\"1600\" data-large_image_height=\"800\" aria-label=\"Portfolio zoom icon\">Lupa<\/a><a href=\"https:\/\/actec-ong.org\/es\/project\/parc-metier-emploi\/\" class=\"project-details\">Detalles<\/a><\/div>\t\t\t\t<div class=\"rollover-content-container\">\n\t\t\t<h3 class=\"entry-title\"><a href=\"https:\/\/actec-ong.org\/es\/project\/parc-metier-emploi\/\" title=\"Parc M\u00e9tier &#038; Emploi\" rel=\"bookmark\">Parc M\u00e9tier &#038; Emploi<\/a><\/h3><div class=\"entry-meta portfolio-categories\"><span class=\"category-link\"><a href=\"https:\/\/actec-ong.org\/es\/project-category\/formacion-tecnica\/\" >Formaci\u00f3n T\u00e9cnica<\/a>, <a href=\"https:\/\/actec-ong.org\/es\/project-category\/libano\/\" >L\u00edbano<\/a><\/span><\/div>\t\t<\/div>\n\t\t\t\t\t<\/figcaption>\n\t<\/figure>\n<\/article>\n\n\n\n<article class=\"post post-58213 dt_portfolio type-dt_portfolio status-publish has-post-thumbnail hentry dt_portfolio_category-colombia dt_portfolio_category-formacion-tecnica dt_portfolio_category-246 dt_portfolio_category-89\">\n\n\t<figure class=\"rollover-project \">\n\t<a href=\"https:\/\/actec-ong.org\/es\/project\/sembrando-paz\/\" class=\"layzr-bg\" title=\"actec-proyectos-sembrando-paz-1\"  aria-label=\"Post image\"><img decoding=\"async\" class=\"preload-me lazy-load aspect\" src=\"data:image\/svg+xml,%3Csvg%20xmlns%3D&#39;http%3A%2F%2Fwww.w3.org%2F2000%2Fsvg&#39;%20viewBox%3D&#39;0%200%20282%20282&#39;%2F%3E\" data-src=\"https:\/\/actec-ong.org\/wp-content\/uploads\/2018\/02\/actec-proyectos-sembrando-paz-1-282x282.jpg\" data-srcset=\"https:\/\/actec-ong.org\/wp-content\/uploads\/2018\/02\/actec-proyectos-sembrando-paz-1-282x282.jpg 282w, https:\/\/actec-ong.org\/wp-content\/uploads\/2018\/02\/actec-proyectos-sembrando-paz-1-564x564.jpg 564w\" loading=\"eager\" style=\"--ratio: 282 \/ 282\" sizes=\"(max-width: 282px) 100vw, 282px\" alt=\"\" width=\"282\" height=\"282\"  \/><\/a>\t\t<figcaption class=\"rollover-content\">\n\t\t<div class=\"links-container\"><a href=\"https:\/\/actec-ong.org\/wp-content\/uploads\/2018\/02\/actec-proyectos-sembrando-paz-1.jpg\" class=\"project-zoom dt-pswp-item dt-single-pswp-popup\" title=\"actec-proyectos-sembrando-paz-1\" data-dt-img-description=\"\" data-large_image_width=\"1600\" data-large_image_height=\"800\" aria-label=\"Portfolio zoom icon\">Lupa<\/a><a href=\"https:\/\/actec-ong.org\/es\/project\/sembrando-paz\/\" class=\"project-details\">Detalles<\/a><\/div>\t\t\t\t<div class=\"rollover-content-container\">\n\t\t\t<h3 class=\"entry-title\"><a href=\"https:\/\/actec-ong.org\/es\/project\/sembrando-paz\/\" title=\"Sembrando Paz\" rel=\"bookmark\">Sembrando Paz<\/a><\/h3><div class=\"entry-meta portfolio-categories\"><span class=\"category-link\"><a href=\"https:\/\/actec-ong.org\/es\/project-category\/colombia\/\" >Colombia<\/a>, <a href=\"https:\/\/actec-ong.org\/es\/project-category\/formacion-tecnica\/\" >Formaci\u00f3n T\u00e9cnica<\/a><\/span><\/div>\t\t<\/div>\n\t\t\t\t\t<\/figcaption>\n\t<\/figure>\n<\/article>\n\n\n\n<article class=\"post post-13288 dt_portfolio type-dt_portfolio status-publish has-post-thumbnail hentry dt_portfolio_category-formacion-tecnica dt_portfolio_category-venezuela dt_portfolio_category-89 dt_portfolio_category-247\">\n\n\t<figure class=\"rollover-project \">\n\t<a href=\"https:\/\/actec-ong.org\/es\/project\/rutas-del-sur\/\" class=\"layzr-bg\" title=\"actec-proyectos-rutas-del-sur-01\"  aria-label=\"Post image\"><img decoding=\"async\" class=\"preload-me lazy-load aspect\" src=\"data:image\/svg+xml,%3Csvg%20xmlns%3D&#39;http%3A%2F%2Fwww.w3.org%2F2000%2Fsvg&#39;%20viewBox%3D&#39;0%200%20282%20282&#39;%2F%3E\" data-src=\"https:\/\/actec-ong.org\/wp-content\/uploads\/2013\/06\/actec-proyectos-rutas-del-sur-01-282x282.jpg\" data-srcset=\"https:\/\/actec-ong.org\/wp-content\/uploads\/2013\/06\/actec-proyectos-rutas-del-sur-01-282x282.jpg 282w, https:\/\/actec-ong.org\/wp-content\/uploads\/2013\/06\/actec-proyectos-rutas-del-sur-01-564x564.jpg 564w\" loading=\"eager\" style=\"--ratio: 282 \/ 282\" sizes=\"(max-width: 282px) 100vw, 282px\" alt=\"\" width=\"282\" height=\"282\"  \/><\/a>\t\t<figcaption class=\"rollover-content\">\n\t\t<div class=\"links-container\"><a href=\"https:\/\/actec-ong.org\/wp-content\/uploads\/2013\/06\/actec-proyectos-rutas-del-sur-01.jpg\" class=\"project-zoom dt-pswp-item dt-single-pswp-popup\" title=\"actec-proyectos-rutas-del-sur-01\" data-dt-img-description=\"\" data-large_image_width=\"1600\" data-large_image_height=\"800\" aria-label=\"Portfolio zoom icon\">Lupa<\/a><a href=\"https:\/\/actec-ong.org\/es\/project\/rutas-del-sur\/\" class=\"project-details\">Detalles<\/a><\/div>\t\t\t\t<div class=\"rollover-content-container\">\n\t\t\t<h3 class=\"entry-title\"><a href=\"https:\/\/actec-ong.org\/es\/project\/rutas-del-sur\/\" title=\"Rutas del Sur\" rel=\"bookmark\">Rutas del Sur<\/a><\/h3><div class=\"entry-meta portfolio-categories\"><span class=\"category-link\"><a href=\"https:\/\/actec-ong.org\/es\/project-category\/formacion-tecnica\/\" >Formaci\u00f3n T\u00e9cnica<\/a>, <a href=\"https:\/\/actec-ong.org\/es\/project-category\/venezuela\/\" >Venezuela<\/a><\/span><\/div>\t\t<\/div>\n\t\t\t\t\t<\/figcaption>\n\t<\/figure>\n<\/article>\n\n\n\n<article class=\"post post-58045 dt_portfolio type-dt_portfolio status-publish has-post-thumbnail hentry dt_portfolio_category-formacion-tecnica dt_portfolio_category-haiti dt_portfolio_category-89 dt_portfolio_category-245\">\n\n\t<figure class=\"rollover-project \">\n\t<a href=\"https:\/\/actec-ong.org\/es\/project\/departamento-pedagogico\/\" class=\"layzr-bg\" title=\"actec-proyectos-departamento-pedagogico-1\"  aria-label=\"Post image\"><img decoding=\"async\" class=\"preload-me lazy-load aspect\" src=\"data:image\/svg+xml,%3Csvg%20xmlns%3D&#39;http%3A%2F%2Fwww.w3.org%2F2000%2Fsvg&#39;%20viewBox%3D&#39;0%200%20282%20282&#39;%2F%3E\" data-src=\"https:\/\/actec-ong.org\/wp-content\/uploads\/2018\/02\/actec-proyectos-departamento-pedagogico-1-1-282x282.jpg\" data-srcset=\"https:\/\/actec-ong.org\/wp-content\/uploads\/2018\/02\/actec-proyectos-departamento-pedagogico-1-1-282x282.jpg 282w, https:\/\/actec-ong.org\/wp-content\/uploads\/2018\/02\/actec-proyectos-departamento-pedagogico-1-1-564x564.jpg 564w\" loading=\"eager\" style=\"--ratio: 282 \/ 282\" sizes=\"(max-width: 282px) 100vw, 282px\" alt=\"\" width=\"282\" height=\"282\"  \/><\/a>\t\t<figcaption class=\"rollover-content\">\n\t\t<div class=\"links-container\"><a href=\"https:\/\/actec-ong.org\/wp-content\/uploads\/2018\/02\/actec-proyectos-departamento-pedagogico-1-1.jpg\" class=\"project-zoom dt-pswp-item dt-single-pswp-popup\" title=\"actec-proyectos-departamento-pedagogico-1\" data-dt-img-description=\"\" data-large_image_width=\"1600\" data-large_image_height=\"800\" aria-label=\"Portfolio zoom icon\">Lupa<\/a><a href=\"https:\/\/actec-ong.org\/es\/project\/departamento-pedagogico\/\" class=\"project-details\">Detalles<\/a><\/div>\t\t\t\t<div class=\"rollover-content-container\">\n\t\t\t<h3 class=\"entry-title\"><a href=\"https:\/\/actec-ong.org\/es\/project\/departamento-pedagogico\/\" title=\"Departamento Pedag\u00f3gico\" rel=\"bookmark\">Departamento Pedag\u00f3gico<\/a><\/h3><div class=\"entry-meta portfolio-categories\"><span class=\"category-link\"><a href=\"https:\/\/actec-ong.org\/es\/project-category\/formacion-tecnica\/\" >Formaci\u00f3n T\u00e9cnica<\/a>, <a href=\"https:\/\/actec-ong.org\/es\/project-category\/haiti\/\" >Hait\u00ed<\/a><\/span><\/div>\t\t<\/div>\n\t\t\t\t\t<\/figcaption>\n\t<\/figure>\n<\/article>\n\n\n\n<article class=\"post post-57570 dt_portfolio type-dt_portfolio status-publish has-post-thumbnail hentry dt_portfolio_category-formacion-tecnica dt_portfolio_category-libano dt_portfolio_category-89 dt_portfolio_category-237\">\n\n\t<figure class=\"rollover-project \">\n\t<a href=\"https:\/\/actec-ong.org\/es\/project\/graines-desperance\/\" class=\"layzr-bg\" title=\"actec-proyectos-gde-1\"  aria-label=\"Post image\"><img decoding=\"async\" class=\"preload-me lazy-load aspect\" src=\"data:image\/svg+xml,%3Csvg%20xmlns%3D&#39;http%3A%2F%2Fwww.w3.org%2F2000%2Fsvg&#39;%20viewBox%3D&#39;0%200%20282%20282&#39;%2F%3E\" data-src=\"https:\/\/actec-ong.org\/wp-content\/uploads\/2018\/02\/actec-proyectos-gde-1-282x282.jpg\" data-srcset=\"https:\/\/actec-ong.org\/wp-content\/uploads\/2018\/02\/actec-proyectos-gde-1-282x282.jpg 282w, https:\/\/actec-ong.org\/wp-content\/uploads\/2018\/02\/actec-proyectos-gde-1-564x564.jpg 564w\" loading=\"eager\" style=\"--ratio: 282 \/ 282\" sizes=\"(max-width: 282px) 100vw, 282px\" alt=\"\" width=\"282\" height=\"282\"  \/><\/a>\t\t<figcaption class=\"rollover-content\">\n\t\t<div class=\"links-container\"><a href=\"https:\/\/actec-ong.org\/wp-content\/uploads\/2018\/02\/actec-proyectos-gde-1.jpg\" class=\"project-zoom dt-pswp-item dt-single-pswp-popup\" title=\"actec-proyectos-gde-1\" data-dt-img-description=\"\" data-large_image_width=\"1600\" data-large_image_height=\"800\" aria-label=\"Portfolio zoom icon\">Lupa<\/a><a href=\"https:\/\/actec-ong.org\/es\/project\/graines-desperance\/\" class=\"project-details\">Detalles<\/a><\/div>\t\t\t\t<div class=\"rollover-content-container\">\n\t\t\t<h3 class=\"entry-title\"><a href=\"https:\/\/actec-ong.org\/es\/project\/graines-desperance\/\" title=\"Graines d&#8217;esp\u00e9rance\" rel=\"bookmark\">Graines d&#8217;esp\u00e9rance<\/a><\/h3><div class=\"entry-meta portfolio-categories\"><span class=\"category-link\"><a href=\"https:\/\/actec-ong.org\/es\/project-category\/formacion-tecnica\/\" >Formaci\u00f3n T\u00e9cnica<\/a>, <a href=\"https:\/\/actec-ong.org\/es\/project-category\/libano\/\" >L\u00edbano<\/a><\/span><\/div>\t\t<\/div>\n\t\t\t\t\t<\/figcaption>\n\t<\/figure>\n<\/article>\n\n\n\n<article class=\"post post-57857 dt_portfolio type-dt_portfolio status-publish has-post-thumbnail hentry dt_portfolio_category-formacion-tecnica dt_portfolio_category-guatemala dt_portfolio_category-89 dt_portfolio_category-243\">\n\n\t<figure class=\"rollover-project \">\n\t<a href=\"https:\/\/actec-ong.org\/es\/project\/utz-samaj\/\" class=\"layzr-bg\" title=\"actec-proyectos-utz-samaj-1\"  aria-label=\"Post image\"><img decoding=\"async\" class=\"preload-me lazy-load aspect\" src=\"data:image\/svg+xml,%3Csvg%20xmlns%3D&#39;http%3A%2F%2Fwww.w3.org%2F2000%2Fsvg&#39;%20viewBox%3D&#39;0%200%20282%20282&#39;%2F%3E\" data-src=\"https:\/\/actec-ong.org\/wp-content\/uploads\/2018\/02\/actec-proyectos-utz-samaj-1-282x282.jpg\" data-srcset=\"https:\/\/actec-ong.org\/wp-content\/uploads\/2018\/02\/actec-proyectos-utz-samaj-1-282x282.jpg 282w, https:\/\/actec-ong.org\/wp-content\/uploads\/2018\/02\/actec-proyectos-utz-samaj-1-564x564.jpg 564w\" loading=\"eager\" style=\"--ratio: 282 \/ 282\" sizes=\"(max-width: 282px) 100vw, 282px\" alt=\"\" width=\"282\" height=\"282\"  \/><\/a>\t\t<figcaption class=\"rollover-content\">\n\t\t<div class=\"links-container\"><a href=\"https:\/\/actec-ong.org\/wp-content\/uploads\/2018\/02\/actec-proyectos-utz-samaj-1.jpg\" class=\"project-zoom dt-pswp-item dt-single-pswp-popup\" title=\"actec-proyectos-utz-samaj-1\" data-dt-img-description=\"\" data-large_image_width=\"1600\" data-large_image_height=\"800\" aria-label=\"Portfolio zoom icon\">Lupa<\/a><a href=\"https:\/\/actec-ong.org\/es\/project\/utz-samaj\/\" class=\"project-details\">Detalles<\/a><\/div>\t\t\t\t<div class=\"rollover-content-container\">\n\t\t\t<h3 class=\"entry-title\"><a href=\"https:\/\/actec-ong.org\/es\/project\/utz-samaj\/\" title=\"UTZ SAMAJ\" rel=\"bookmark\">UTZ SAMAJ<\/a><\/h3><div class=\"entry-meta portfolio-categories\"><span class=\"category-link\"><a href=\"https:\/\/actec-ong.org\/es\/project-category\/formacion-tecnica\/\" >Formaci\u00f3n T\u00e9cnica<\/a>, <a href=\"https:\/\/actec-ong.org\/es\/project-category\/guatemala\/\" >Guatemala<\/a><\/span><\/div>\t\t<\/div>\n\t\t\t\t\t<\/figcaption>\n\t<\/figure>\n<\/article>\n\n\n\n<article class=\"post post-58210 dt_portfolio type-dt_portfolio status-publish has-post-thumbnail hentry dt_portfolio_category-colombia dt_portfolio_category-formacion-tecnica dt_portfolio_category-246 dt_portfolio_category-89\">\n\n\t<figure class=\"rollover-project \">\n\t<a href=\"https:\/\/actec-ong.org\/es\/project\/ninos-de-la-calle\/\" class=\"layzr-bg\" title=\"actec-proyectos-ninos-calle-1\"  aria-label=\"Post image\"><img decoding=\"async\" class=\"preload-me lazy-load aspect\" src=\"data:image\/svg+xml,%3Csvg%20xmlns%3D&#39;http%3A%2F%2Fwww.w3.org%2F2000%2Fsvg&#39;%20viewBox%3D&#39;0%200%20282%20282&#39;%2F%3E\" data-src=\"https:\/\/actec-ong.org\/wp-content\/uploads\/2018\/02\/actec-proyectos-ninos-calle-1-282x282.jpg\" data-srcset=\"https:\/\/actec-ong.org\/wp-content\/uploads\/2018\/02\/actec-proyectos-ninos-calle-1-282x282.jpg 282w, https:\/\/actec-ong.org\/wp-content\/uploads\/2018\/02\/actec-proyectos-ninos-calle-1-564x564.jpg 564w\" loading=\"eager\" style=\"--ratio: 282 \/ 282\" sizes=\"(max-width: 282px) 100vw, 282px\" alt=\"\" width=\"282\" height=\"282\"  \/><\/a>\t\t<figcaption class=\"rollover-content\">\n\t\t<div class=\"links-container\"><a href=\"https:\/\/actec-ong.org\/wp-content\/uploads\/2018\/02\/actec-proyectos-ninos-calle-1.jpg\" class=\"project-zoom dt-pswp-item dt-single-pswp-popup\" title=\"actec-proyectos-ninos-calle-1\" data-dt-img-description=\"\" data-large_image_width=\"1600\" data-large_image_height=\"800\" aria-label=\"Portfolio zoom icon\">Lupa<\/a><a href=\"https:\/\/actec-ong.org\/es\/project\/ninos-de-la-calle\/\" class=\"project-details\">Detalles<\/a><\/div>\t\t\t\t<div class=\"rollover-content-container\">\n\t\t\t<h3 class=\"entry-title\"><a href=\"https:\/\/actec-ong.org\/es\/project\/ninos-de-la-calle\/\" title=\"Ni\u00f1os de la calle\" rel=\"bookmark\">Ni\u00f1os de la calle<\/a><\/h3><div class=\"entry-meta portfolio-categories\"><span class=\"category-link\"><a href=\"https:\/\/actec-ong.org\/es\/project-category\/colombia\/\" >Colombia<\/a>, <a href=\"https:\/\/actec-ong.org\/es\/project-category\/formacion-tecnica\/\" >Formaci\u00f3n T\u00e9cnica<\/a><\/span><\/div>\t\t<\/div>\n\t\t\t\t\t<\/figcaption>\n\t<\/figure>\n<\/article>\n\n\n\n<article class=\"post post-57942 dt_portfolio type-dt_portfolio status-publish has-post-thumbnail hentry dt_portfolio_category-el-salvador dt_portfolio_category-formacion-tecnica dt_portfolio_category-244 dt_portfolio_category-89\">\n\n\t<figure class=\"rollover-project \">\n\t<a href=\"https:\/\/actec-ong.org\/es\/project\/mujeres-de-san-salvador\/\" class=\"layzr-bg\" title=\"actec-proyectos-mujeres-san-salvador-1\"  aria-label=\"Post image\"><img decoding=\"async\" class=\"preload-me lazy-load aspect\" src=\"data:image\/svg+xml,%3Csvg%20xmlns%3D&#39;http%3A%2F%2Fwww.w3.org%2F2000%2Fsvg&#39;%20viewBox%3D&#39;0%200%20282%20282&#39;%2F%3E\" data-src=\"https:\/\/actec-ong.org\/wp-content\/uploads\/2018\/02\/actec-proyectos-mujeres-san-salvador-1-282x282.jpg\" data-srcset=\"https:\/\/actec-ong.org\/wp-content\/uploads\/2018\/02\/actec-proyectos-mujeres-san-salvador-1-282x282.jpg 282w, https:\/\/actec-ong.org\/wp-content\/uploads\/2018\/02\/actec-proyectos-mujeres-san-salvador-1-564x564.jpg 564w\" loading=\"eager\" style=\"--ratio: 282 \/ 282\" sizes=\"(max-width: 282px) 100vw, 282px\" alt=\"\" width=\"282\" height=\"282\"  \/><\/a>\t\t<figcaption class=\"rollover-content\">\n\t\t<div class=\"links-container\"><a href=\"https:\/\/actec-ong.org\/wp-content\/uploads\/2018\/02\/actec-proyectos-mujeres-san-salvador-1.jpg\" class=\"project-zoom dt-pswp-item dt-single-pswp-popup\" title=\"actec-proyectos-mujeres-san-salvador-1\" data-dt-img-description=\"\" data-large_image_width=\"1600\" data-large_image_height=\"800\" aria-label=\"Portfolio zoom icon\">Lupa<\/a><a href=\"https:\/\/actec-ong.org\/es\/project\/mujeres-de-san-salvador\/\" class=\"project-details\">Detalles<\/a><\/div>\t\t\t\t<div class=\"rollover-content-container\">\n\t\t\t<h3 class=\"entry-title\"><a href=\"https:\/\/actec-ong.org\/es\/project\/mujeres-de-san-salvador\/\" title=\"Mujeres de San Salvador\" rel=\"bookmark\">Mujeres de San Salvador<\/a><\/h3><div class=\"entry-meta portfolio-categories\"><span class=\"category-link\"><a href=\"https:\/\/actec-ong.org\/es\/project-category\/el-salvador\/\" >El Salvador<\/a>, <a href=\"https:\/\/actec-ong.org\/es\/project-category\/formacion-tecnica\/\" >Formaci\u00f3n T\u00e9cnica<\/a><\/span><\/div>\t\t<\/div>\n\t\t\t\t\t<\/figcaption>\n\t<\/figure>\n<\/article>\n\n\n\n<article class=\"post post-57927 dt_portfolio type-dt_portfolio status-publish has-post-thumbnail hentry dt_portfolio_category-formacion-tecnica dt_portfolio_category-guatemala dt_portfolio_category-89 dt_portfolio_category-243\">\n\n\t<figure class=\"rollover-project \">\n\t<a href=\"https:\/\/actec-ong.org\/es\/project\/mujeres-con-dignidad\/\" class=\"layzr-bg\" title=\"actec-proyectos-mujeres-con-dignidad-1\"  aria-label=\"Post image\"><img decoding=\"async\" class=\"preload-me lazy-load aspect\" src=\"data:image\/svg+xml,%3Csvg%20xmlns%3D&#39;http%3A%2F%2Fwww.w3.org%2F2000%2Fsvg&#39;%20viewBox%3D&#39;0%200%20282%20282&#39;%2F%3E\" data-src=\"https:\/\/actec-ong.org\/wp-content\/uploads\/2018\/02\/actec-proyectos-mujeres-con-dignidad-1-282x282.jpg\" data-srcset=\"https:\/\/actec-ong.org\/wp-content\/uploads\/2018\/02\/actec-proyectos-mujeres-con-dignidad-1-282x282.jpg 282w, https:\/\/actec-ong.org\/wp-content\/uploads\/2018\/02\/actec-proyectos-mujeres-con-dignidad-1-564x564.jpg 564w\" loading=\"eager\" style=\"--ratio: 282 \/ 282\" sizes=\"(max-width: 282px) 100vw, 282px\" alt=\"\" width=\"282\" height=\"282\"  \/><\/a>\t\t<figcaption class=\"rollover-content\">\n\t\t<div class=\"links-container\"><a href=\"https:\/\/actec-ong.org\/wp-content\/uploads\/2018\/02\/actec-proyectos-mujeres-con-dignidad-1.jpg\" class=\"project-zoom dt-pswp-item dt-single-pswp-popup\" title=\"actec-proyectos-mujeres-con-dignidad-1\" data-dt-img-description=\"\" data-large_image_width=\"1600\" data-large_image_height=\"800\" aria-label=\"Portfolio zoom icon\">Lupa<\/a><a href=\"https:\/\/actec-ong.org\/es\/project\/mujeres-con-dignidad\/\" class=\"project-details\">Detalles<\/a><\/div>\t\t\t\t<div class=\"rollover-content-container\">\n\t\t\t<h3 class=\"entry-title\"><a href=\"https:\/\/actec-ong.org\/es\/project\/mujeres-con-dignidad\/\" title=\"Mujeres con dignidad\" rel=\"bookmark\">Mujeres con dignidad<\/a><\/h3><div class=\"entry-meta portfolio-categories\"><span class=\"category-link\"><a href=\"https:\/\/actec-ong.org\/es\/project-category\/formacion-tecnica\/\" >Formaci\u00f3n T\u00e9cnica<\/a>, <a href=\"https:\/\/actec-ong.org\/es\/project-category\/guatemala\/\" >Guatemala<\/a><\/span><\/div>\t\t<\/div>\n\t\t\t\t\t<\/figcaption>\n\t<\/figure>\n<\/article>\n\n\n\n<article class=\"post post-57534 dt_portfolio type-dt_portfolio status-publish has-post-thumbnail hentry dt_portfolio_category-formacion-tecnica dt_portfolio_category-libano dt_portfolio_category-89 dt_portfolio_category-237\">\n\n\t<figure class=\"rollover-project \">\n\t<a href=\"https:\/\/actec-ong.org\/es\/project\/al-tilal\/\" class=\"layzr-bg\" title=\"actec-proyectos-al-tilal-1\"  aria-label=\"Post image\"><img decoding=\"async\" class=\"preload-me lazy-load aspect\" src=\"data:image\/svg+xml,%3Csvg%20xmlns%3D&#39;http%3A%2F%2Fwww.w3.org%2F2000%2Fsvg&#39;%20viewBox%3D&#39;0%200%20282%20282&#39;%2F%3E\" data-src=\"https:\/\/actec-ong.org\/wp-content\/uploads\/2018\/02\/actec-proyectos-al-tilal-1-282x282.jpg\" data-srcset=\"https:\/\/actec-ong.org\/wp-content\/uploads\/2018\/02\/actec-proyectos-al-tilal-1-282x282.jpg 282w, https:\/\/actec-ong.org\/wp-content\/uploads\/2018\/02\/actec-proyectos-al-tilal-1-564x564.jpg 564w\" loading=\"eager\" style=\"--ratio: 282 \/ 282\" sizes=\"(max-width: 282px) 100vw, 282px\" alt=\"\" width=\"282\" height=\"282\"  \/><\/a>\t\t<figcaption class=\"rollover-content\">\n\t\t<div class=\"links-container\"><a href=\"https:\/\/actec-ong.org\/wp-content\/uploads\/2018\/02\/actec-proyectos-al-tilal-1.jpg\" class=\"project-zoom dt-pswp-item dt-single-pswp-popup\" title=\"actec-proyectos-al-tilal-1\" data-dt-img-description=\"\" data-large_image_width=\"1600\" data-large_image_height=\"800\" aria-label=\"Portfolio zoom icon\">Lupa<\/a><a href=\"https:\/\/actec-ong.org\/es\/project\/al-tilal\/\" class=\"project-details\">Detalles<\/a><\/div>\t\t\t\t<div class=\"rollover-content-container\">\n\t\t\t<h3 class=\"entry-title\"><a href=\"https:\/\/actec-ong.org\/es\/project\/al-tilal\/\" title=\"Al-Tilal\" rel=\"bookmark\">Al-Tilal<\/a><\/h3><div class=\"entry-meta portfolio-categories\"><span class=\"category-link\"><a href=\"https:\/\/actec-ong.org\/es\/project-category\/formacion-tecnica\/\" >Formaci\u00f3n T\u00e9cnica<\/a>, <a href=\"https:\/\/actec-ong.org\/es\/project-category\/libano\/\" >L\u00edbano<\/a><\/span><\/div>\t\t<\/div>\n\t\t\t\t\t<\/figcaption>\n\t<\/figure>\n<\/article>\n\n<\/div><div class=\" vc_custom_1522071818268 ubtn-ctn-center \"><a class=\"ubtn-link ult-adjust-bottom-margin ubtn-center ubtn-custom \" href=\"\/es\/nuestros-proyectos\" ><button type=\"button\" id=\"ubtn-1099\"  class=\"ubtn ult-adjust-bottom-margin ult-responsive ubtn-custom ubtn-fade-bg  ulta-grow  ubtn-center   tooltip-69f51b02aba7f\"  data-hover=\"#b33723\" data-border-color=\"#201a15\" data-bg=\"\" data-hover-bg=\"#f7f7f7\" data-border-hover=\"#b33723\" data-shadow-hover=\"\" data-shadow-click=\"none\" data-shadow=\"\" data-shd-shadow=\"\"  data-ultimate-target='#ubtn-1099'  data-responsive-json-new='{\"font-size\":\"desktop:14px;\",\"line-height\":\"desktop:20px;\"}'  style=\"font-family:&#039;Roboto&#039;;font-weight:500;width:px;min-height:40px;padding:5px 15px;border-radius:1px;border-width:1px;border-color:#201a15;border-style:solid;color: #333333;\"><span class=\"ubtn-data ubtn-icon\"><i class=\"none\" style=\"font-size:px;color:;\"><\/i><\/span><span class=\"ubtn-hover\" style=\"background-color:#f7f7f7\"><\/span><span class=\"ubtn-data ubtn-text \" >VER TODOS<\/span><\/button><\/a><\/div>[\/vc_column][\/vc_row]<\/p>\n<\/div>","protected":false},"excerpt":{"rendered":"<p>[vc_row bg_type=&#8221;image&#8221; parallax_style=&#8221;vcpb-vz-jquery&#8221; bg_image_new=&#8221;id^54782|url^http:\/\/actec-ong.org\/wp-content\/uploads\/2018\/01\/actec-formacion-tecnica-6.jpg|caption^null|alt^null|title^actec-formacion-tecnica-6|description^null&#8221; bg_image_repeat=&#8221;no-repeat&#8221; bg_override=&#8221;ex-full&#8221; enable_overlay=&#8221;enable_overlay_value&#8221; overlay_color=&#8221;rgba(0,0,0,0.1)&#8221; margin_top=&#8221;-50&#8243; type=&#8221;vc_default&#8221; css=&#8221;.vc_custom_1524477191706{padding-top: 20% !important;padding-bottom: 5% !important;}&#8221;][vc_column offset=&#8221;vc_col-lg-12 vc_col-md-12&#8243; css=&#8221;.vc_custom_1476030031960{padding-bottom: 10px !important;}&#8221;][vc_row_inner equal_height=&#8221;yes&#8221; content_placement=&#8221;bottom&#8221;][vc_column_inner width=&#8221;1\/4&#8243;][\/vc_column_inner][vc_column_inner width=&#8221;2\/4&#8243;][\/vc_column_inner][vc_column_inner width=&#8221;1\/4&#8243;][\/vc_column_inner][\/vc_row_inner][\/vc_column][\/vc_row][vc_row full_width=&#8221;stretch_row&#8221; bg_type=&#8221;bg_color&#8221; css=&#8221;.vc_custom_1515510975320{padding-top: 75px !important;padding-bottom: 75px !important;}&#8221; bg_color_value=&#8221;#f7f7f7&#8243;][vc_column width=&#8221;1\/12&#8243;][\/vc_column][vc_column width=&#8221;10\/12&#8243;][\/vc_column][vc_column width=&#8221;1\/12&#8243;][\/vc_column][\/vc_row][vc_row full_width=&#8221;stretch_row_content_no_spaces&#8221; content_placement=&#8221;middle&#8221;][vc_column width=&#8221;1\/2&#8243; css=&#8221;.vc_custom_1511969394975{background-image: url(http:\/\/actec-ong.org\/wp-content\/uploads\/2017\/11\/actec-formacion-tecnica-1.jpg?id=53798) !important;background-position: center !important;background-repeat: no-repeat !important;background-size: cover !important;}&#8221;][vc_empty_space height=&#8221;500px&#8221;][\/vc_column][vc_column width=&#8221;1\/2&#8243; css=&#8221;.vc_custom_1511969774021{padding-right: 50px !important;padding-left: 50px !important;}&#8221;][\/vc_column][\/vc_row][vc_row&hellip;<\/p>\n","protected":false},"author":1,"featured_media":0,"parent":28758,"menu_order":20,"comment_status":"closed","ping_status":"closed","template":"","meta":{"inline_featured_image":false,"footnotes":""},"class_list":["post-53626","page","type-page","status-publish","hentry","description-off"],"yoast_head":"<!-- This site is optimized with the Yoast SEO plugin v27.5 - https:\/\/yoast.com\/product\/yoast-seo-wordpress\/ -->\n<title>Formaci\u00f3n T\u00e9cnica - ACTEC<\/title>\n<meta name=\"robots\" content=\"index, follow, max-snippet:-1, max-image-preview:large, max-video-preview:-1\" \/>\n<link rel=\"canonical\" href=\"https:\/\/actec-ong.org\/es\/nuestro-trabajo\/formacion-tecnica\/\" \/>\n<meta property=\"og:locale\" content=\"es_ES\" \/>\n<meta property=\"og:type\" content=\"article\" \/>\n<meta property=\"og:title\" content=\"Formaci\u00f3n T\u00e9cnica - ACTEC\" \/>\n<meta property=\"og:description\" content=\"[vc_row bg_type=&#8221;image&#8221; parallax_style=&#8221;vcpb-vz-jquery&#8221; bg_image_new=&#8221;id^54782|url^http:\/\/actec-ong.org\/wp-content\/uploads\/2018\/01\/actec-formacion-tecnica-6.jpg|caption^null|alt^null|title^actec-formacion-tecnica-6|description^null&#8221; bg_image_repeat=&#8221;no-repeat&#8221; bg_override=&#8221;ex-full&#8221; enable_overlay=&#8221;enable_overlay_value&#8221; overlay_color=&#8221;rgba(0,0,0,0.1)&#8221; margin_top=&#8221;-50&#8243; type=&#8221;vc_default&#8221; css=&#8221;.vc_custom_1524477191706{padding-top: 20% !important;padding-bottom: 5% !important;}&#8221;][vc_column offset=&#8221;vc_col-lg-12 vc_col-md-12&#8243; css=&#8221;.vc_custom_1476030031960{padding-bottom: 10px !important;}&#8221;][vc_row_inner equal_height=&#8221;yes&#8221; content_placement=&#8221;bottom&#8221;][vc_column_inner width=&#8221;1\/4&#8243;][\/vc_column_inner][vc_column_inner width=&#8221;2\/4&#8243;][\/vc_column_inner][vc_column_inner width=&#8221;1\/4&#8243;][\/vc_column_inner][\/vc_row_inner][\/vc_column][\/vc_row][vc_row full_width=&#8221;stretch_row&#8221; bg_type=&#8221;bg_color&#8221; css=&#8221;.vc_custom_1515510975320{padding-top: 75px !important;padding-bottom: 75px !important;}&#8221; bg_color_value=&#8221;#f7f7f7&#8243;][vc_column width=&#8221;1\/12&#8243;][\/vc_column][vc_column width=&#8221;10\/12&#8243;][\/vc_column][vc_column width=&#8221;1\/12&#8243;][\/vc_column][\/vc_row][vc_row full_width=&#8221;stretch_row_content_no_spaces&#8221; content_placement=&#8221;middle&#8221;][vc_column width=&#8221;1\/2&#8243; css=&#8221;.vc_custom_1511969394975{background-image: url(http:\/\/actec-ong.org\/wp-content\/uploads\/2017\/11\/actec-formacion-tecnica-1.jpg?id=53798) !important;background-position: center !important;background-repeat: no-repeat !important;background-size: cover !important;}&#8221;][vc_empty_space height=&#8221;500px&#8221;][\/vc_column][vc_column width=&#8221;1\/2&#8243; css=&#8221;.vc_custom_1511969774021{padding-right: 50px !important;padding-left: 50px !important;}&#8221;][\/vc_column][\/vc_row][vc_row&hellip;\" \/>\n<meta property=\"og:url\" content=\"https:\/\/actec-ong.org\/es\/nuestro-trabajo\/formacion-tecnica\/\" \/>\n<meta property=\"og:site_name\" content=\"ACTEC\" \/>\n<meta property=\"article:modified_time\" content=\"2018-04-27T16:19:56+00:00\" \/>\n<meta name=\"twitter:card\" content=\"summary_large_image\" \/>\n<meta name=\"twitter:label1\" content=\"Est. reading time\" \/>\n\t<meta name=\"twitter:data1\" content=\"7 minutes\" \/>\n<script type=\"application\/ld+json\" class=\"yoast-schema-graph\">{\"@context\":\"https:\\\/\\\/schema.org\",\"@graph\":[{\"@type\":\"WebPage\",\"@id\":\"https:\\\/\\\/actec-ong.org\\\/es\\\/nuestro-trabajo\\\/formacion-tecnica\\\/\",\"url\":\"https:\\\/\\\/actec-ong.org\\\/es\\\/nuestro-trabajo\\\/formacion-tecnica\\\/\",\"name\":\"Formaci\u00f3n T\u00e9cnica - ACTEC\",\"isPartOf\":{\"@id\":\"https:\\\/\\\/actec-ong.org\\\/nl\\\/#website\"},\"datePublished\":\"2017-11-23T12:37:55+00:00\",\"dateModified\":\"2018-04-27T16:19:56+00:00\",\"breadcrumb\":{\"@id\":\"https:\\\/\\\/actec-ong.org\\\/es\\\/nuestro-trabajo\\\/formacion-tecnica\\\/#breadcrumb\"},\"inLanguage\":\"es-ES\",\"potentialAction\":[{\"@type\":\"ReadAction\",\"target\":[\"https:\\\/\\\/actec-ong.org\\\/es\\\/nuestro-trabajo\\\/formacion-tecnica\\\/\"]}]},{\"@type\":\"BreadcrumbList\",\"@id\":\"https:\\\/\\\/actec-ong.org\\\/es\\\/nuestro-trabajo\\\/formacion-tecnica\\\/#breadcrumb\",\"itemListElement\":[{\"@type\":\"ListItem\",\"position\":1,\"name\":\"Home\",\"item\":\"https:\\\/\\\/actec-ong.org\\\/es\\\/\"},{\"@type\":\"ListItem\",\"position\":2,\"name\":\"Nuestro trabajo\",\"item\":\"https:\\\/\\\/actec-ong.org\\\/es\\\/nuestro-trabajo\\\/\"},{\"@type\":\"ListItem\",\"position\":3,\"name\":\"Formaci\u00f3n T\u00e9cnica\"}]},{\"@type\":\"WebSite\",\"@id\":\"https:\\\/\\\/actec-ong.org\\\/nl\\\/#website\",\"url\":\"https:\\\/\\\/actec-ong.org\\\/nl\\\/\",\"name\":\"ACTEC\",\"description\":\"Un m\u00e9tier pour tous\",\"potentialAction\":[{\"@type\":\"SearchAction\",\"target\":{\"@type\":\"EntryPoint\",\"urlTemplate\":\"https:\\\/\\\/actec-ong.org\\\/nl\\\/?s={search_term_string}\"},\"query-input\":{\"@type\":\"PropertyValueSpecification\",\"valueRequired\":true,\"valueName\":\"search_term_string\"}}],\"inLanguage\":\"es-ES\"}]}<\/script>\n<!-- \/ Yoast SEO plugin. -->","yoast_head_json":{"title":"Formaci\u00f3n T\u00e9cnica - ACTEC","robots":{"index":"index","follow":"follow","max-snippet":"max-snippet:-1","max-image-preview":"max-image-preview:large","max-video-preview":"max-video-preview:-1"},"canonical":"https:\/\/actec-ong.org\/es\/nuestro-trabajo\/formacion-tecnica\/","og_locale":"es_ES","og_type":"article","og_title":"Formaci\u00f3n T\u00e9cnica - ACTEC","og_description":"[vc_row bg_type=&#8221;image&#8221; parallax_style=&#8221;vcpb-vz-jquery&#8221; bg_image_new=&#8221;id^54782|url^http:\/\/actec-ong.org\/wp-content\/uploads\/2018\/01\/actec-formacion-tecnica-6.jpg|caption^null|alt^null|title^actec-formacion-tecnica-6|description^null&#8221; bg_image_repeat=&#8221;no-repeat&#8221; bg_override=&#8221;ex-full&#8221; enable_overlay=&#8221;enable_overlay_value&#8221; overlay_color=&#8221;rgba(0,0,0,0.1)&#8221; margin_top=&#8221;-50&#8243; type=&#8221;vc_default&#8221; css=&#8221;.vc_custom_1524477191706{padding-top: 20% !important;padding-bottom: 5% !important;}&#8221;][vc_column offset=&#8221;vc_col-lg-12 vc_col-md-12&#8243; css=&#8221;.vc_custom_1476030031960{padding-bottom: 10px !important;}&#8221;][vc_row_inner equal_height=&#8221;yes&#8221; content_placement=&#8221;bottom&#8221;][vc_column_inner width=&#8221;1\/4&#8243;][\/vc_column_inner][vc_column_inner width=&#8221;2\/4&#8243;][\/vc_column_inner][vc_column_inner width=&#8221;1\/4&#8243;][\/vc_column_inner][\/vc_row_inner][\/vc_column][\/vc_row][vc_row full_width=&#8221;stretch_row&#8221; bg_type=&#8221;bg_color&#8221; css=&#8221;.vc_custom_1515510975320{padding-top: 75px !important;padding-bottom: 75px !important;}&#8221; bg_color_value=&#8221;#f7f7f7&#8243;][vc_column width=&#8221;1\/12&#8243;][\/vc_column][vc_column width=&#8221;10\/12&#8243;][\/vc_column][vc_column width=&#8221;1\/12&#8243;][\/vc_column][\/vc_row][vc_row full_width=&#8221;stretch_row_content_no_spaces&#8221; content_placement=&#8221;middle&#8221;][vc_column width=&#8221;1\/2&#8243; css=&#8221;.vc_custom_1511969394975{background-image: url(http:\/\/actec-ong.org\/wp-content\/uploads\/2017\/11\/actec-formacion-tecnica-1.jpg?id=53798) !important;background-position: center !important;background-repeat: no-repeat !important;background-size: cover !important;}&#8221;][vc_empty_space height=&#8221;500px&#8221;][\/vc_column][vc_column width=&#8221;1\/2&#8243; css=&#8221;.vc_custom_1511969774021{padding-right: 50px !important;padding-left: 50px !important;}&#8221;][\/vc_column][\/vc_row][vc_row&hellip;","og_url":"https:\/\/actec-ong.org\/es\/nuestro-trabajo\/formacion-tecnica\/","og_site_name":"ACTEC","article_modified_time":"2018-04-27T16:19:56+00:00","twitter_card":"summary_large_image","twitter_misc":{"Est. reading time":"7 minutes"},"schema":{"@context":"https:\/\/schema.org","@graph":[{"@type":"WebPage","@id":"https:\/\/actec-ong.org\/es\/nuestro-trabajo\/formacion-tecnica\/","url":"https:\/\/actec-ong.org\/es\/nuestro-trabajo\/formacion-tecnica\/","name":"Formaci\u00f3n T\u00e9cnica - ACTEC","isPartOf":{"@id":"https:\/\/actec-ong.org\/nl\/#website"},"datePublished":"2017-11-23T12:37:55+00:00","dateModified":"2018-04-27T16:19:56+00:00","breadcrumb":{"@id":"https:\/\/actec-ong.org\/es\/nuestro-trabajo\/formacion-tecnica\/#breadcrumb"},"inLanguage":"es-ES","potentialAction":[{"@type":"ReadAction","target":["https:\/\/actec-ong.org\/es\/nuestro-trabajo\/formacion-tecnica\/"]}]},{"@type":"BreadcrumbList","@id":"https:\/\/actec-ong.org\/es\/nuestro-trabajo\/formacion-tecnica\/#breadcrumb","itemListElement":[{"@type":"ListItem","position":1,"name":"Home","item":"https:\/\/actec-ong.org\/es\/"},{"@type":"ListItem","position":2,"name":"Nuestro trabajo","item":"https:\/\/actec-ong.org\/es\/nuestro-trabajo\/"},{"@type":"ListItem","position":3,"name":"Formaci\u00f3n T\u00e9cnica"}]},{"@type":"WebSite","@id":"https:\/\/actec-ong.org\/nl\/#website","url":"https:\/\/actec-ong.org\/nl\/","name":"ACTEC","description":"Un m\u00e9tier pour tous","potentialAction":[{"@type":"SearchAction","target":{"@type":"EntryPoint","urlTemplate":"https:\/\/actec-ong.org\/nl\/?s={search_term_string}"},"query-input":{"@type":"PropertyValueSpecification","valueRequired":true,"valueName":"search_term_string"}}],"inLanguage":"es-ES"}]}},"_links":{"self":[{"href":"https:\/\/actec-ong.org\/es\/wp-json\/wp\/v2\/pages\/53626","targetHints":{"allow":["GET"]}}],"collection":[{"href":"https:\/\/actec-ong.org\/es\/wp-json\/wp\/v2\/pages"}],"about":[{"href":"https:\/\/actec-ong.org\/es\/wp-json\/wp\/v2\/types\/page"}],"author":[{"embeddable":true,"href":"https:\/\/actec-ong.org\/es\/wp-json\/wp\/v2\/users\/1"}],"replies":[{"embeddable":true,"href":"https:\/\/actec-ong.org\/es\/wp-json\/wp\/v2\/comments?post=53626"}],"version-history":[{"count":114,"href":"https:\/\/actec-ong.org\/es\/wp-json\/wp\/v2\/pages\/53626\/revisions"}],"predecessor-version":[{"id":61061,"href":"https:\/\/actec-ong.org\/es\/wp-json\/wp\/v2\/pages\/53626\/revisions\/61061"}],"up":[{"embeddable":true,"href":"https:\/\/actec-ong.org\/es\/wp-json\/wp\/v2\/pages\/28758"}],"wp:attachment":[{"href":"https:\/\/actec-ong.org\/es\/wp-json\/wp\/v2\/media?parent=53626"}],"curies":[{"name":"wp","href":"https:\/\/api.w.org\/{rel}","templated":true}]}}